{"id":68,"date":"2021-08-23T19:14:59","date_gmt":"2021-08-23T22:14:59","guid":{"rendered":"https:\/\/geolegadodeallankardec.com.br\/?page_id=68"},"modified":"2026-04-24T18:06:30","modified_gmt":"2026-04-24T21:06:30","slug":"sois-le-bienvenu","status":"publish","type":"page","link":"https:\/\/www.geolegadodeallankardec.com.br\/fr\/","title":{"rendered":"Groupe d&#039;\u00e9tude L&#039;h\u00e9ritage d&#039;Allan Kardec"},"content":{"rendered":"<div class=\"pdfprnt-buttons pdfprnt-buttons-page pdfprnt-top-right\"><a href=\"https:\/\/www.geolegadodeallankardec.com.br\/fr\/wp-json\/wp\/v2\/pages\/68?print=pdf\" class=\"pdfprnt-button pdfprnt-button-pdf\" target=\"_blank\" ><img decoding=\"async\" data-src=\"https:\/\/www.geolegadodeallankardec.com.br\/wp-content\/plugins\/pdf-print\/images\/pdf.png\" alt=\"image_pdf\" title=\"PDF d&#039;affiliation\" src=\"data:image\/svg+xml;base64,PHN2ZyB3aWR0aD0iMSIgaGVpZ2h0PSIxIiB4bWxucz0iaHR0cDovL3d3dy53My5vcmcvMjAwMC9zdmciPjwvc3ZnPg==\" class=\"lazyload\" style=\"--smush-placeholder-width: 32px; --smush-placeholder-aspect-ratio: 32\/32;\" \/><\/a><a href=\"https:\/\/www.geolegadodeallankardec.com.br\/fr\/wp-json\/wp\/v2\/pages\/68?print=print\" class=\"pdfprnt-button pdfprnt-button-print\" target=\"_blank\" ><img decoding=\"async\" data-src=\"https:\/\/www.geolegadodeallankardec.com.br\/wp-content\/plugins\/pdf-print\/images\/print.png\" alt=\"image_print\" title=\"Imprimer le contenu\" src=\"data:image\/svg+xml;base64,PHN2ZyB3aWR0aD0iMSIgaGVpZ2h0PSIxIiB4bWxucz0iaHR0cDovL3d3dy53My5vcmcvMjAwMC9zdmciPjwvc3ZnPg==\" class=\"lazyload\" style=\"--smush-placeholder-width: 32px; --smush-placeholder-aspect-ratio: 32\/32;\" \/><\/a><\/div>\n<div class=\"wp-block-group alignfull has-text-color has-background\" style=\"color:#000000;background-color:#fff3e34f\"><div class=\"wp-block-group__inner-container is-layout-flow wp-block-group-is-layout-flow\">\n<h2 class=\"wp-block-heading has-text-align-center has-large-font-size\">Le livre qui <strong>tout<\/strong> Ils doivent lire :<\/h2>\n\n\n<div class=\"wp-block-image\">\n<figure class=\"aligncenter size-full is-resized\"><img fetchpriority=\"high\" decoding=\"async\" width=\"594\" height=\"800\" src=\"https:\/\/www.geolegadodeallankardec.com.br\/wp-content\/uploads\/2025\/10\/D_NQ_NP_2X_750916-MLB50863311951_072022-F.webp\" alt=\"\" class=\"wp-image-9148\" style=\"width:228px;height:auto\" srcset=\"https:\/\/www.geolegadodeallankardec.com.br\/wp-content\/uploads\/2025\/10\/D_NQ_NP_2X_750916-MLB50863311951_072022-F.webp 594w, https:\/\/www.geolegadodeallankardec.com.br\/wp-content\/uploads\/2025\/10\/D_NQ_NP_2X_750916-MLB50863311951_072022-F-223x300.webp 223w, https:\/\/www.geolegadodeallankardec.com.br\/wp-content\/uploads\/2025\/10\/D_NQ_NP_2X_750916-MLB50863311951_072022-F-9x12.webp 9w, https:\/\/www.geolegadodeallankardec.com.br\/wp-content\/uploads\/2025\/10\/D_NQ_NP_2X_750916-MLB50863311951_072022-F-186x250.webp 186w\" sizes=\"(max-width: 594px) 100vw, 594px\" \/><\/figure>\n<\/div>\n\n\n<p class=\"has-text-align-center\"><a href=\"https:\/\/mercadolivre.com\/sec\/1C8T2xs\">Cliquez ici pour acheter et soutenir notre projet.<\/a>.<\/p>\n\n\n\n<hr class=\"wp-block-separator has-alpha-channel-opacity\"\/>\n\n\n\n<h2 class=\"wp-block-heading has-text-align-center\" id=\"schedule-a-visit\" style=\"font-size:50px;line-height:1.15\"><strong>Je veux:<\/strong><\/h2>\n\n\n\n<div class=\"wp-block-buttons is-vertical is-content-justification-center is-layout-flex wp-container-core-buttons-is-layout-9a7cdcfd wp-block-buttons-is-layout-flex\">\n<div class=\"wp-block-button btn-highlight is-style-fill\"><a class=\"wp-block-button__link wp-element-button\" href=\"https:\/\/bit.ly\/4cMeJHF\" target=\"_blank\" rel=\"noreferrer noopener\">T\u00e9l\u00e9chargez les \u0153uvres pures de Kardec<\/a><\/div>\n\n\n\n<div class=\"wp-block-button\"><a class=\"wp-block-button__link wp-element-button\" href=\"https:\/\/bit.ly\/3XT68i5\" target=\"_blank\" rel=\"noreferrer noopener\">Conna\u00eetre le v\u00e9ritable spiritisme<\/a><\/div>\n\n\n\n<div class=\"wp-block-button is-style-fill\"><a class=\"wp-block-button__link has-white-color has-black-background-color has-text-color has-background has-link-color wp-element-button\" href=\"https:\/\/www.geolegadodeallankardec.com.br\/fr\/des-articles-2\/divers-2\/federation-spirituelle-bresilienne-et-il-est-temps-de-remettre-les-choses-a-leur-juste-place\/\">Comprendre l&#039;\u00e9cart FEB<\/a><\/div>\n\n\n\n<div class=\"wp-block-button has-custom-width wp-block-button__width-25\"><a class=\"wp-block-button__link has-background wp-element-button\" href=\"https:\/\/www.geolegadodeallankardec.com.br\/fr\/groupes-detude\/\" style=\"background:linear-gradient(135deg,rgb(52,169,236) 0%,rgb(155,81,224) 100%);font-style:normal;font-weight:900\">EN TRAIN D&#039;\u00c9TUDIER<\/a><\/div>\n\n\n\n<div class=\"wp-block-button is-style-fill\"><a class=\"wp-block-button__link has-background wp-element-button\" href=\"https:\/\/bit.ly\/3oXIrmh\" style=\"background-color:#000000\" target=\"_blank\" rel=\"noreferrer noopener\">D\u00e9couvrez si Kardec est raciste<\/a><\/div>\n\n\n\n<div class=\"wp-block-button\"><a class=\"wp-block-button__link wp-element-button\" href=\"https:\/\/bit.ly\/4cRNo6O\">Recommandations vid\u00e9o pour l&#039;apprentissage<\/a><\/div>\n\n\n\n<div class=\"wp-block-button\"><a class=\"wp-block-button__link wp-element-button\" href=\"https:\/\/bit.ly\/3VSXKfZ\">Recommandations de lecture<\/a><\/div>\n\n\n\n<div class=\"wp-block-button\"><a class=\"wp-block-button__link has-background wp-element-button\" href=\"https:\/\/bit.ly\/3LfcroM\" style=\"background-color:#9454d5\">En savoir plus sur les adult\u00e9rations<\/a><\/div>\n\n\n\n<div class=\"wp-block-button\"><a class=\"wp-block-button__link wp-element-button\" href=\"https:\/\/bit.ly\/3oZJtxV\">D\u00e9couvrez les articles de ce site<\/a><\/div>\n\n\n\n<div class=\"wp-block-button\"><a class=\"wp-block-button__link wp-element-button\" href=\"https:\/\/bit.ly\/3XPLNKv\">Entrer en contact<\/a><\/div>\n<\/div>\n\n\n\n<div style=\"height:29px\" aria-hidden=\"true\" class=\"wp-block-spacer\"><\/div>\n\n\n\n<figure class=\"wp-block-video\"><video height=\"720\" style=\"aspect-ratio: 1280 \/ 720;\" width=\"1280\" controls src=\"https:\/\/www.geolegadodeallankardec.com.br\/wp-content\/uploads\/2026\/03\/Moral__Igreja_vs.mp4\"><\/video><\/figure>\n\n\n\n<div style=\"height:44px\" aria-hidden=\"true\" class=\"wp-block-spacer\"><\/div>\n\n\n\n<h2 class=\"wp-block-heading has-text-align-center\" id=\"h-recomendacoes-de-estudos\"><strong>Recommandations de l&#039;\u00e9tude<\/strong> <\/h2>\n\n\n\n<div class=\"wp-block-columns is-layout-flex wp-container-core-columns-is-layout-9d6595d7 wp-block-columns-is-layout-flex\">\n<div class=\"wp-block-column is-layout-flow wp-block-column-is-layout-flow\">\n<h3 class=\"wp-block-heading\" id=\"h-autonomia-a-verdadeira-ideia-espirita-paulo-henrique-de-figueiredo\">L&#039;autonomie, la v\u00e9ritable id\u00e9e spirite \u2014 Paulo Henrique de Figueiredo<\/h3>\n\n\n\n<figure class=\"wp-block-embed is-type-video is-provider-youtube wp-block-embed-youtube wp-embed-aspect-16-9 wp-has-aspect-ratio\"><div class=\"wp-block-embed__wrapper\">\n<iframe title=\"l&#039;autonomie spirite, la v\u00e9ritable id\u00e9e spirite \u2014 Autonomie spirite : \u00e9ducation | Paulo Henrique de Figueiredo\" width=\"640\" height=\"360\" data-src=\"https:\/\/www.youtube.com\/embed\/IvsiR6YSUvY?feature=oembed\" frameborder=\"0\" allow=\"accelerometer; autoplay; clipboard-write; encrypted-media; gyroscope; picture-in-picture; web-share\" referrerpolicy=\"strict-origin-when-cross-origin\" allowfullscreen src=\"data:image\/svg+xml;base64,PHN2ZyB3aWR0aD0iMSIgaGVpZ2h0PSIxIiB4bWxucz0iaHR0cDovL3d3dy53My5vcmcvMjAwMC9zdmciPjwvc3ZnPg==\" class=\"lazyload\" data-load-mode=\"1\"><\/iframe>\n<\/div><\/figure>\n\n\n\n<h3 class=\"wp-block-heading\" id=\"h-o-bem-e-o-mal-castigos-e-recompensas-sombra-e-luz\">Bien et Mal, Ch\u00e2timents et R\u00e9compenses, Ombre et Lumi\u00e8re<\/h3>\n\n\n\n<figure class=\"wp-block-embed is-type-video is-provider-youtube wp-block-embed-youtube wp-embed-aspect-16-9 wp-has-aspect-ratio\"><div class=\"wp-block-embed__wrapper\">\n<iframe title=\"Bien et Mal, Ch\u00e2timents et R\u00e9compenses, Ombre et Lumi\u00e8re - Paulo Henrique de Figueiredo - 1\u00e8re Partie\" width=\"640\" height=\"360\" data-src=\"https:\/\/www.youtube.com\/embed\/4XGXpRxNhok?list=PLsAbsc_D88fESKfyJVcPUmqfCwe04gtJn\" frameborder=\"0\" allow=\"accelerometer; autoplay; clipboard-write; encrypted-media; gyroscope; picture-in-picture; web-share\" referrerpolicy=\"strict-origin-when-cross-origin\" allowfullscreen src=\"data:image\/svg+xml;base64,PHN2ZyB3aWR0aD0iMSIgaGVpZ2h0PSIxIiB4bWxucz0iaHR0cDovL3d3dy53My5vcmcvMjAwMC9zdmciPjwvc3ZnPg==\" class=\"lazyload\" data-load-mode=\"1\"><\/iframe>\n<\/div><\/figure>\n<\/div>\n\n\n\n<div class=\"wp-block-column is-layout-flow wp-block-column-is-layout-flow\">\n<h3 class=\"wp-block-heading\" id=\"h-allan-kardec-e-a-revolucao-moral-da-humanidade\"><a href=\"https:\/\/www.geolegadodeallankardec.com.br\/fr\/des-articles-2\/souligne-2\/allan-kardec-et-la-revolution-morale-de-lhumanite\/\">Allan Kardec et la r\u00e9volution morale de l&#039;humanit\u00e9<\/a><\/h3>\n\n\n\n<figure class=\"wp-block-image size-large\"><a href=\"https:\/\/www.geolegadodeallankardec.com.br\/fr\/des-articles-2\/souligne-2\/allan-kardec-et-la-revolution-morale-de-lhumanite\/\"><img decoding=\"async\" width=\"1024\" height=\"574\" data-src=\"https:\/\/www.geolegadodeallankardec.com.br\/wp-content\/uploads\/2023\/10\/image-5-1024x574.png\" alt=\"Allan Kardec et la r\u00e9volution morale de l&#039;humanit\u00e9\" class=\"wp-image-8017 lazyload\" data-srcset=\"https:\/\/www.geolegadodeallankardec.com.br\/wp-content\/uploads\/2023\/10\/image-5-1024x574.png 1024w, https:\/\/www.geolegadodeallankardec.com.br\/wp-content\/uploads\/2023\/10\/image-5-300x168.png 300w, https:\/\/www.geolegadodeallankardec.com.br\/wp-content\/uploads\/2023\/10\/image-5-768x431.png 768w, https:\/\/www.geolegadodeallankardec.com.br\/wp-content\/uploads\/2023\/10\/image-5-18x10.png 18w, https:\/\/www.geolegadodeallankardec.com.br\/wp-content\/uploads\/2023\/10\/image-5-370x208.png 370w, https:\/\/www.geolegadodeallankardec.com.br\/wp-content\/uploads\/2023\/10\/image-5.png 1200w\" data-sizes=\"(max-width: 1024px) 100vw, 1024px\" src=\"data:image\/svg+xml;base64,PHN2ZyB3aWR0aD0iMSIgaGVpZ2h0PSIxIiB4bWxucz0iaHR0cDovL3d3dy53My5vcmcvMjAwMC9zdmciPjwvc3ZnPg==\" style=\"--smush-placeholder-width: 1024px; --smush-placeholder-aspect-ratio: 1024\/574;\" \/><\/a><\/figure>\n\n\n\n<h3 class=\"wp-block-heading\" id=\"h-estudo-do-livro-o-ceu-e-o-inferno-a-moral-espirita\"><strong>Etude du livre \u00ab Ciel et enfer \u00bb \u2013 Morale spirite<\/strong><\/h3>\n\n\n\n<figure class=\"wp-block-embed is-type-video is-provider-youtube wp-block-embed-youtube wp-embed-aspect-16-9 wp-has-aspect-ratio\"><div class=\"wp-block-embed__wrapper\">\n<iframe title=\"Etude du livre \u00ab Ciel et Enfer \u00bb - Morale Spirite\" width=\"640\" height=\"360\" data-src=\"https:\/\/www.youtube.com\/embed\/XZLWlxhG1wI?feature=oembed\" frameborder=\"0\" allow=\"accelerometer; autoplay; clipboard-write; encrypted-media; gyroscope; picture-in-picture; web-share\" referrerpolicy=\"strict-origin-when-cross-origin\" allowfullscreen src=\"data:image\/svg+xml;base64,PHN2ZyB3aWR0aD0iMSIgaGVpZ2h0PSIxIiB4bWxucz0iaHR0cDovL3d3dy53My5vcmcvMjAwMC9zdmciPjwvc3ZnPg==\" class=\"lazyload\" data-load-mode=\"1\"><\/iframe>\n<\/div><\/figure>\n<\/div>\n\n\n\n<div class=\"wp-block-column is-layout-flow wp-block-column-is-layout-flow\">\n<h3 class=\"wp-block-heading\" id=\"h-estudo-espiritualismo-racional-e-espiritismo\">\u00c9tude\u00a0: Spiritualisme rationnel et spiritisme<\/h3>\n\n\n\n<figure class=\"wp-block-embed is-type-video is-provider-youtube wp-block-embed-youtube wp-embed-aspect-16-9 wp-has-aspect-ratio\"><div class=\"wp-block-embed__wrapper\">\n<iframe title=\"Spiritualisme rationnel et spiritisme\" width=\"640\" height=\"360\" data-src=\"https:\/\/www.youtube.com\/embed\/0pfYfISGiQo?list=PLvl90b_bP1gsT6Xhp0b0s4ql45ZEghzyh\" frameborder=\"0\" allow=\"accelerometer; autoplay; clipboard-write; encrypted-media; gyroscope; picture-in-picture; web-share\" referrerpolicy=\"strict-origin-when-cross-origin\" allowfullscreen src=\"data:image\/svg+xml;base64,PHN2ZyB3aWR0aD0iMSIgaGVpZ2h0PSIxIiB4bWxucz0iaHR0cDovL3d3dy53My5vcmcvMjAwMC9zdmciPjwvc3ZnPg==\" class=\"lazyload\" data-load-mode=\"1\"><\/iframe>\n<\/div><\/figure>\n\n\n\n<h3 class=\"wp-block-heading\" id=\"h-a-forca-do-espiritismo-live-no-canal-zilda-gama\">La force du Spiritisme \u2013 En direct sur la cha\u00eene Zilda Gama<\/h3>\n\n\n\n<figure class=\"wp-block-embed is-type-video is-provider-youtube wp-block-embed-youtube wp-embed-aspect-16-9 wp-has-aspect-ratio\"><div class=\"wp-block-embed__wrapper\">\n<iframe title=\"#198 SALLE VIRTUELLE ZILDA GAMA\" width=\"640\" height=\"360\" data-src=\"https:\/\/www.youtube.com\/embed\/JvrWu_6N32c?feature=oembed\" frameborder=\"0\" allow=\"accelerometer; autoplay; clipboard-write; encrypted-media; gyroscope; picture-in-picture; web-share\" referrerpolicy=\"strict-origin-when-cross-origin\" allowfullscreen src=\"data:image\/svg+xml;base64,PHN2ZyB3aWR0aD0iMSIgaGVpZ2h0PSIxIiB4bWxucz0iaHR0cDovL3d3dy53My5vcmcvMjAwMC9zdmciPjwvc3ZnPg==\" class=\"lazyload\" data-load-mode=\"1\"><\/iframe>\n<\/div><\/figure>\n<\/div>\n<\/div>\n\n\n\n<h2 class=\"wp-block-heading has-text-align-center\" id=\"h-recomendacoes-de-estudos\"><strong>Nos articles<\/strong><\/h2>\n\n\n\n<div class=\"wp-block-query is-layout-flow wp-block-query-is-layout-flow\"><ul class=\"wp-block-post-template is-layout-flow wp-block-post-template-is-layout-flow\"><li class=\"wp-block-post post-9263 post type-post status-publish format-standard has-post-thumbnail hentry category-em-destaque\">\n\n<div class=\"wp-block-columns alignwide is-layout-flex wp-container-core-columns-is-layout-9d6595d7 wp-block-columns-is-layout-flex\">\n<div class=\"wp-block-column is-layout-flow wp-block-column-is-layout-flow\" style=\"flex-basis:66.66%\"><figure class=\"wp-block-post-featured-image\"><a href=\"https:\/\/www.geolegadodeallankardec.com.br\/fr\/artigos\/em-destaque\/a-ciencia-do-invisivel-evidencias-metodo-e-a-seriedade-do-espiritismo\/\" target=\"_self\"  ><img decoding=\"async\" width=\"1200\" height=\"675\" data-src=\"https:\/\/www.geolegadodeallankardec.com.br\/wp-content\/uploads\/2026\/04\/A-Ciencia-do-Invisivel-Evidencias-Metodo-e-a-Seriedade-do-Espiritismo-scaled.webp\" class=\"attachment-post-thumbnail size-post-thumbnail wp-post-image lazyload\" alt=\"A Ci\u00eancia do Invis\u00edvel: Evid\u00eancias, M\u00e9todo e a Seriedade do Espiritismo\" style=\"--smush-placeholder-width: 1200px; --smush-placeholder-aspect-ratio: 1200\/675;object-fit:cover;\" data-srcset=\"https:\/\/www.geolegadodeallankardec.com.br\/wp-content\/uploads\/2026\/04\/A-Ciencia-do-Invisivel-Evidencias-Metodo-e-a-Seriedade-do-Espiritismo-scaled.webp 1200w, https:\/\/www.geolegadodeallankardec.com.br\/wp-content\/uploads\/2026\/04\/A-Ciencia-do-Invisivel-Evidencias-Metodo-e-a-Seriedade-do-Espiritismo-300x169.webp 300w, https:\/\/www.geolegadodeallankardec.com.br\/wp-content\/uploads\/2026\/04\/A-Ciencia-do-Invisivel-Evidencias-Metodo-e-a-Seriedade-do-Espiritismo-1024x576.webp 1024w, https:\/\/www.geolegadodeallankardec.com.br\/wp-content\/uploads\/2026\/04\/A-Ciencia-do-Invisivel-Evidencias-Metodo-e-a-Seriedade-do-Espiritismo-768x432.webp 768w, https:\/\/www.geolegadodeallankardec.com.br\/wp-content\/uploads\/2026\/04\/A-Ciencia-do-Invisivel-Evidencias-Metodo-e-a-Seriedade-do-Espiritismo-1536x864.webp 1536w, https:\/\/www.geolegadodeallankardec.com.br\/wp-content\/uploads\/2026\/04\/A-Ciencia-do-Invisivel-Evidencias-Metodo-e-a-Seriedade-do-Espiritismo-18x10.webp 18w, https:\/\/www.geolegadodeallankardec.com.br\/wp-content\/uploads\/2026\/04\/A-Ciencia-do-Invisivel-Evidencias-Metodo-e-a-Seriedade-do-Espiritismo-370x208.webp 370w\" data-sizes=\"(max-width: 1200px) 100vw, 1200px\" src=\"data:image\/svg+xml;base64,PHN2ZyB3aWR0aD0iMSIgaGVpZ2h0PSIxIiB4bWxucz0iaHR0cDovL3d3dy53My5vcmcvMjAwMC9zdmciPjwvc3ZnPg==\" \/><\/a><\/figure><\/div>\n\n\n\n<div class=\"wp-block-column is-layout-flow wp-block-column-is-layout-flow\" style=\"flex-basis:33.33%\"><h2 class=\"wp-block-post-title\"><a href=\"https:\/\/www.geolegadodeallankardec.com.br\/fr\/artigos\/em-destaque\/a-ciencia-do-invisivel-evidencias-metodo-e-a-seriedade-do-espiritismo\/\" target=\"_self\" >A Ci\u00eancia do Invis\u00edvel: Evid\u00eancias, M\u00e9todo e a Seriedade do Espiritismo<\/a><\/h2>\n\n<div class=\"wp-block-post-excerpt\"><p class=\"wp-block-post-excerpt__excerpt\">Relato de uma investiga\u00e7\u00e3o c\u00e9tica que encontrou fundamentos inesperados Resumo Este artigo documenta a trajet\u00f3ria de um di\u00e1logo entre um c\u00e9tico familiarizado com o m\u00e9todo cient\u00edfico e um estudioso do Espiritismo kardeciano. Ao longo de sucessivas trocas, foram examinadas quest\u00f5es epistemol\u00f3gicas fundamentais: a possibilidade de estudar cientificamente fen\u00f4menos inobserv\u00e1veis, a validade de evid\u00eancias aned\u00f3ticas e\u2026 <\/p><\/div><\/div>\n<\/div>\n\n<\/li><li class=\"wp-block-post post-9259 post type-post status-publish format-standard has-post-thumbnail hentry category-em-destaque\">\n\n<div class=\"wp-block-columns alignwide is-layout-flex wp-container-core-columns-is-layout-9d6595d7 wp-block-columns-is-layout-flex\">\n<div class=\"wp-block-column is-layout-flow wp-block-column-is-layout-flow\" style=\"flex-basis:66.66%\"><figure class=\"wp-block-post-featured-image\"><a href=\"https:\/\/www.geolegadodeallankardec.com.br\/fr\/artigos\/em-destaque\/colonias-espirituais-e-alegorias-um-contraponto-critico-a-interpretacao-de-paulo-neto\/\" target=\"_self\"  ><img decoding=\"async\" width=\"1200\" height=\"675\" data-src=\"https:\/\/www.geolegadodeallankardec.com.br\/wp-content\/uploads\/2026\/04\/file_00000000c89471f583543fc219b329ba.jpg\" class=\"attachment-post-thumbnail size-post-thumbnail wp-post-image lazyload\" alt=\"Col\u00f4nias Espirituais e Alegorias: Um Contraponto Cr\u00edtico \u00e0 Interpreta\u00e7\u00e3o de Paulo Neto\" style=\"--smush-placeholder-width: 1200px; --smush-placeholder-aspect-ratio: 1200\/675;object-fit:cover;\" data-srcset=\"https:\/\/www.geolegadodeallankardec.com.br\/wp-content\/uploads\/2026\/04\/file_00000000c89471f583543fc219b329ba.jpg 1200w, https:\/\/www.geolegadodeallankardec.com.br\/wp-content\/uploads\/2026\/04\/file_00000000c89471f583543fc219b329ba-300x169.jpg 300w, https:\/\/www.geolegadodeallankardec.com.br\/wp-content\/uploads\/2026\/04\/file_00000000c89471f583543fc219b329ba-1024x576.jpg 1024w, https:\/\/www.geolegadodeallankardec.com.br\/wp-content\/uploads\/2026\/04\/file_00000000c89471f583543fc219b329ba-768x432.jpg 768w, https:\/\/www.geolegadodeallankardec.com.br\/wp-content\/uploads\/2026\/04\/file_00000000c89471f583543fc219b329ba-18x10.jpg 18w, https:\/\/www.geolegadodeallankardec.com.br\/wp-content\/uploads\/2026\/04\/file_00000000c89471f583543fc219b329ba-370x208.jpg 370w\" data-sizes=\"(max-width: 1200px) 100vw, 1200px\" src=\"data:image\/svg+xml;base64,PHN2ZyB3aWR0aD0iMSIgaGVpZ2h0PSIxIiB4bWxucz0iaHR0cDovL3d3dy53My5vcmcvMjAwMC9zdmciPjwvc3ZnPg==\" \/><\/a><\/figure><\/div>\n\n\n\n<div class=\"wp-block-column is-layout-flow wp-block-column-is-layout-flow\" style=\"flex-basis:33.33%\"><h2 class=\"wp-block-post-title\"><a href=\"https:\/\/www.geolegadodeallankardec.com.br\/fr\/artigos\/em-destaque\/colonias-espirituais-e-alegorias-um-contraponto-critico-a-interpretacao-de-paulo-neto\/\" target=\"_self\" >Col\u00f4nias Espirituais e Alegorias: Um Contraponto Cr\u00edtico \u00e0 Interpreta\u00e7\u00e3o de Paulo Neto<\/a><\/h2>\n\n<div class=\"wp-block-post-excerpt\"><p class=\"wp-block-post-excerpt__excerpt\">O estudo das col\u00f4nias espirituais tem despertado grande interesse no Movimento Esp\u00edrita contempor\u00e2neo, sobretudo a partir das obras de Andr\u00e9 Luiz e das interpreta\u00e7\u00f5es de m\u00e9diuns modernos. Paulo Neto, em seus textos, defende a exist\u00eancia de cidades e col\u00f4nias espirituais estruturadas, interpretando relatos medi\u00fanicos e textos da Codifica\u00e7\u00e3o como evid\u00eancia de constru\u00e7\u00f5es permanentes e habitadas\u2026 <\/p><\/div><\/div>\n<\/div>\n\n<\/li><li class=\"wp-block-post post-9256 post type-post status-publish format-standard has-post-thumbnail hentry category-em-destaque\">\n\n<div class=\"wp-block-columns alignwide is-layout-flex wp-container-core-columns-is-layout-9d6595d7 wp-block-columns-is-layout-flex\">\n<div class=\"wp-block-column is-layout-flow wp-block-column-is-layout-flow\" style=\"flex-basis:66.66%\"><figure class=\"wp-block-post-featured-image\"><a href=\"https:\/\/www.geolegadodeallankardec.com.br\/fr\/artigos\/em-destaque\/kardec-e-o-paradigma-racial-do-seculo-xix\/\" target=\"_self\"  ><img decoding=\"async\" width=\"1200\" height=\"800\" data-src=\"https:\/\/www.geolegadodeallankardec.com.br\/wp-content\/uploads\/2026\/03\/file_000000002be8720e88fe135e1453e546.jpg\" class=\"attachment-post-thumbnail size-post-thumbnail wp-post-image lazyload\" alt=\"Kardec e o paradigma racial do s\u00e9culo XIX\" style=\"--smush-placeholder-width: 1200px; --smush-placeholder-aspect-ratio: 1200\/800;object-fit:cover;\" data-srcset=\"https:\/\/www.geolegadodeallankardec.com.br\/wp-content\/uploads\/2026\/03\/file_000000002be8720e88fe135e1453e546.jpg 1200w, https:\/\/www.geolegadodeallankardec.com.br\/wp-content\/uploads\/2026\/03\/file_000000002be8720e88fe135e1453e546-300x200.jpg 300w, https:\/\/www.geolegadodeallankardec.com.br\/wp-content\/uploads\/2026\/03\/file_000000002be8720e88fe135e1453e546-1024x683.jpg 1024w, https:\/\/www.geolegadodeallankardec.com.br\/wp-content\/uploads\/2026\/03\/file_000000002be8720e88fe135e1453e546-768x512.jpg 768w, https:\/\/www.geolegadodeallankardec.com.br\/wp-content\/uploads\/2026\/03\/file_000000002be8720e88fe135e1453e546-18x12.jpg 18w, https:\/\/www.geolegadodeallankardec.com.br\/wp-content\/uploads\/2026\/03\/file_000000002be8720e88fe135e1453e546-370x247.jpg 370w\" data-sizes=\"(max-width: 1200px) 100vw, 1200px\" src=\"data:image\/svg+xml;base64,PHN2ZyB3aWR0aD0iMSIgaGVpZ2h0PSIxIiB4bWxucz0iaHR0cDovL3d3dy53My5vcmcvMjAwMC9zdmciPjwvc3ZnPg==\" \/><\/a><\/figure><\/div>\n\n\n\n<div class=\"wp-block-column is-layout-flow wp-block-column-is-layout-flow\" style=\"flex-basis:33.33%\"><h2 class=\"wp-block-post-title\"><a href=\"https:\/\/www.geolegadodeallankardec.com.br\/fr\/artigos\/em-destaque\/kardec-e-o-paradigma-racial-do-seculo-xix\/\" target=\"_self\" >Kardec e o paradigma racial do s\u00e9culo XIX<\/a><\/h2>\n\n<div class=\"wp-block-post-excerpt\"><p class=\"wp-block-post-excerpt__excerpt\">Kardec e o paradigma racial do s\u00e9culo XIX: entre a hegemonia cient\u00edfica e o contraponto estrutural Na metade do s\u00e9culo XIX, o pensamento cient\u00edfico europeu e norte-americano operava sob um paradigma amplamente difundido: a ideia de que a humanidade estava dividida em \u201cra\u00e7as\u201d hierarquizadas, com diferen\u00e7as naturais e permanentes de capacidade intelectual. Esse modelo n\u00e3o\u2026 <\/p><\/div><\/div>\n<\/div>\n\n<\/li><li class=\"wp-block-post post-9247 post type-post status-publish format-standard has-post-thumbnail hentry category-em-destaque\">\n\n<div class=\"wp-block-columns alignwide is-layout-flex wp-container-core-columns-is-layout-9d6595d7 wp-block-columns-is-layout-flex\">\n<div class=\"wp-block-column is-layout-flow wp-block-column-is-layout-flow\" style=\"flex-basis:66.66%\"><figure class=\"wp-block-post-featured-image\"><a href=\"https:\/\/www.geolegadodeallankardec.com.br\/fr\/artigos\/em-destaque\/kardec-vs-feb-onde-foi-parar-o-guia-dos-evocadores\/\" target=\"_self\"  ><img decoding=\"async\" width=\"1200\" height=\"800\" data-src=\"https:\/\/www.geolegadodeallankardec.com.br\/wp-content\/uploads\/2026\/03\/b4fb5586-a8f5-461d-83db-8f8420d0749a.jpg\" class=\"attachment-post-thumbnail size-post-thumbnail wp-post-image lazyload\" alt=\"Kardec contre FEB\u00a0: O\u00f9 est pass\u00e9 le \u201c\u00a0Guide des \u00e9vocateurs\u00a0\u201d\u00a0?\" style=\"--smush-placeholder-width: 1200px; --smush-placeholder-aspect-ratio: 1200\/800;object-fit:cover;\" data-srcset=\"https:\/\/www.geolegadodeallankardec.com.br\/wp-content\/uploads\/2026\/03\/b4fb5586-a8f5-461d-83db-8f8420d0749a.jpg 1200w, https:\/\/www.geolegadodeallankardec.com.br\/wp-content\/uploads\/2026\/03\/b4fb5586-a8f5-461d-83db-8f8420d0749a-300x200.jpg 300w, https:\/\/www.geolegadodeallankardec.com.br\/wp-content\/uploads\/2026\/03\/b4fb5586-a8f5-461d-83db-8f8420d0749a-1024x683.jpg 1024w, https:\/\/www.geolegadodeallankardec.com.br\/wp-content\/uploads\/2026\/03\/b4fb5586-a8f5-461d-83db-8f8420d0749a-768x512.jpg 768w, https:\/\/www.geolegadodeallankardec.com.br\/wp-content\/uploads\/2026\/03\/b4fb5586-a8f5-461d-83db-8f8420d0749a-18x12.jpg 18w, https:\/\/www.geolegadodeallankardec.com.br\/wp-content\/uploads\/2026\/03\/b4fb5586-a8f5-461d-83db-8f8420d0749a-370x247.jpg 370w\" data-sizes=\"(max-width: 1200px) 100vw, 1200px\" src=\"data:image\/svg+xml;base64,PHN2ZyB3aWR0aD0iMSIgaGVpZ2h0PSIxIiB4bWxucz0iaHR0cDovL3d3dy53My5vcmcvMjAwMC9zdmciPjwvc3ZnPg==\" \/><\/a><\/figure><\/div>\n\n\n\n<div class=\"wp-block-column is-layout-flow wp-block-column-is-layout-flow\" style=\"flex-basis:33.33%\"><h2 class=\"wp-block-post-title\"><a href=\"https:\/\/www.geolegadodeallankardec.com.br\/fr\/artigos\/em-destaque\/kardec-vs-feb-onde-foi-parar-o-guia-dos-evocadores\/\" target=\"_self\" >Kardec contre FEB\u00a0: O\u00f9 est pass\u00e9 le \u201c\u00a0Guide des \u00e9vocateurs\u00a0\u201d\u00a0?<\/a><\/h2>\n\n<div class=\"wp-block-post-excerpt\"><p class=\"wp-block-post-excerpt__excerpt\">Quiconque ouvre le frontispice d&#039;un ouvrage fondamental du spiritisme y lira le titre suivant\u00a0: \u201c\u00a0Le Livre des m\u00e9diums ou Guide des m\u00e9diums et des \u00e9vocateurs\u00a0\u201d. Il est \u00e0 noter que le mot \u201c\u00a0\u00e9vocateurs\u00a0\u201d n&#039;y figure pas par hasard\u00a0; il d\u00e9finit la nature m\u00eame de l&#039;\u00e9change m\u00e9diumnique \u00e9tabli par Allan Kardec. Cependant, lorsqu&#039;on analyse les manuels d&#039;enseignement modernes, [\u2026] <\/p><\/div><\/div>\n<\/div>\n\n<\/li><li class=\"wp-block-post post-9217 post type-post status-publish format-standard has-post-thumbnail hentry category-em-destaque\">\n\n<div class=\"wp-block-columns alignwide is-layout-flex wp-container-core-columns-is-layout-9d6595d7 wp-block-columns-is-layout-flex\">\n<div class=\"wp-block-column is-layout-flow wp-block-column-is-layout-flow\" style=\"flex-basis:66.66%\"><figure class=\"wp-block-post-featured-image\"><a href=\"https:\/\/www.geolegadodeallankardec.com.br\/fr\/artigos\/em-destaque\/e-cansativo\/\" target=\"_self\"  ><img decoding=\"async\" width=\"800\" height=\"533\" data-src=\"https:\/\/www.geolegadodeallankardec.com.br\/wp-content\/uploads\/2026\/01\/kardec-cansado.jpg\" class=\"attachment-post-thumbnail size-post-thumbnail wp-post-image lazyload\" alt=\"C&#039;est fatigant.\" style=\"--smush-placeholder-width: 800px; --smush-placeholder-aspect-ratio: 800\/533;object-fit:cover;\" data-srcset=\"https:\/\/www.geolegadodeallankardec.com.br\/wp-content\/uploads\/2026\/01\/kardec-cansado.jpg 800w, https:\/\/www.geolegadodeallankardec.com.br\/wp-content\/uploads\/2026\/01\/kardec-cansado-300x200.jpg 300w, https:\/\/www.geolegadodeallankardec.com.br\/wp-content\/uploads\/2026\/01\/kardec-cansado-768x512.jpg 768w, https:\/\/www.geolegadodeallankardec.com.br\/wp-content\/uploads\/2026\/01\/kardec-cansado-18x12.jpg 18w, https:\/\/www.geolegadodeallankardec.com.br\/wp-content\/uploads\/2026\/01\/kardec-cansado-370x247.jpg 370w\" data-sizes=\"(max-width: 800px) 100vw, 800px\" src=\"data:image\/svg+xml;base64,PHN2ZyB3aWR0aD0iMSIgaGVpZ2h0PSIxIiB4bWxucz0iaHR0cDovL3d3dy53My5vcmcvMjAwMC9zdmciPjwvc3ZnPg==\" \/><\/a><\/figure><\/div>\n\n\n\n<div class=\"wp-block-column is-layout-flow wp-block-column-is-layout-flow\" style=\"flex-basis:33.33%\"><h2 class=\"wp-block-post-title\"><a href=\"https:\/\/www.geolegadodeallankardec.com.br\/fr\/artigos\/em-destaque\/e-cansativo\/\" target=\"_self\" >C&#039;est fatigant.<\/a><\/h2>\n\n<div class=\"wp-block-post-excerpt\"><p class=\"wp-block-post-excerpt__excerpt\">C&#039;est \u00e9puisant. Partout, d&#039;innombrables personnes se mettent \u00e0 parler de \u201c spiritisme \u201d sans prendre la peine de se renseigner, pr\u00e9f\u00e9rant donner leur avis plut\u00f4t que d&#039;\u00e9tudier. Mais ce n&#039;est pas le pire, car \u201c la force des circonstances \u201d a engendr\u00e9 cette ignorance quasi totale. Non : le pire\u2026 <\/p><\/div><\/div>\n<\/div>\n\n<\/li><li class=\"wp-block-post post-9209 post type-post status-publish format-standard has-post-thumbnail hentry category-em-destaque\">\n\n<div class=\"wp-block-columns alignwide is-layout-flex wp-container-core-columns-is-layout-9d6595d7 wp-block-columns-is-layout-flex\">\n<div class=\"wp-block-column is-layout-flow wp-block-column-is-layout-flow\" style=\"flex-basis:66.66%\"><figure class=\"wp-block-post-featured-image\"><a href=\"https:\/\/www.geolegadodeallankardec.com.br\/fr\/artigos\/em-destaque\/porque-evocamos-allan-kardec\/\" target=\"_self\"  ><img decoding=\"async\" width=\"766\" height=\"514\" data-src=\"https:\/\/www.geolegadodeallankardec.com.br\/wp-content\/uploads\/2021\/09\/20210428193857_kardec-nota.jpg\" class=\"attachment-post-thumbnail size-post-thumbnail wp-post-image lazyload\" alt=\"Pourquoi \u00e9voquons-nous Allan Kardec ?\" style=\"--smush-placeholder-width: 766px; --smush-placeholder-aspect-ratio: 766\/514;object-fit:cover;\" data-srcset=\"https:\/\/www.geolegadodeallankardec.com.br\/wp-content\/uploads\/2021\/09\/20210428193857_kardec-nota.jpg 766w, https:\/\/www.geolegadodeallankardec.com.br\/wp-content\/uploads\/2021\/09\/20210428193857_kardec-nota-300x201.jpg 300w\" data-sizes=\"(max-width: 766px) 100vw, 766px\" src=\"data:image\/svg+xml;base64,PHN2ZyB3aWR0aD0iMSIgaGVpZ2h0PSIxIiB4bWxucz0iaHR0cDovL3d3dy53My5vcmcvMjAwMC9zdmciPjwvc3ZnPg==\" \/><\/a><\/figure><\/div>\n\n\n\n<div class=\"wp-block-column is-layout-flow wp-block-column-is-layout-flow\" style=\"flex-basis:33.33%\"><h2 class=\"wp-block-post-title\"><a href=\"https:\/\/www.geolegadodeallankardec.com.br\/fr\/artigos\/em-destaque\/porque-evocamos-allan-kardec\/\" target=\"_self\" >Pourquoi \u00e9voquons-nous Allan Kardec ?<\/a><\/h2>\n\n<div class=\"wp-block-post-excerpt\"><p class=\"wp-block-post-excerpt__excerpt\">Si vous ne le savez pas encore, r\u00e9cemment, apr\u00e8s la maturation de notre groupe de m\u00e9diums, et suite \u00e0 notre examen critique constant des communications m\u00e9diumniques, nous avons estim\u00e9 que le moment \u00e9tait venu et, avec la plus grande conviction, nous avons sollicit\u00e9 l&#039;avis de l&#039;Esprit d&#039;Allan Kardec, sachant, comme il l&#039;affirmait lui-m\u00eame\u00a0: \u00ab\u00a0Tous les esprits peuvent \u00eatre invoqu\u00e9s\u00a0: [\u2026]\u00a0\u00bb <\/p><\/div><\/div>\n<\/div>\n\n<\/li><li class=\"wp-block-post post-9200 post type-post status-publish format-standard has-post-thumbnail hentry category-em-destaque\">\n\n<div class=\"wp-block-columns alignwide is-layout-flex wp-container-core-columns-is-layout-9d6595d7 wp-block-columns-is-layout-flex\">\n<div class=\"wp-block-column is-layout-flow wp-block-column-is-layout-flow\" style=\"flex-basis:66.66%\"><figure class=\"wp-block-post-featured-image\"><a href=\"https:\/\/www.geolegadodeallankardec.com.br\/fr\/artigos\/em-destaque\/comunicacoes-espontaneas-allan-kardec\/\" target=\"_self\"  ><img decoding=\"async\" width=\"1200\" height=\"675\" data-src=\"https:\/\/www.geolegadodeallankardec.com.br\/wp-content\/uploads\/2021\/10\/espiritismo-nao-e-religiao.jpg\" class=\"attachment-post-thumbnail size-post-thumbnail wp-post-image lazyload\" alt=\"Communications spontan\u00e9es \u2013 Allan Kardec\" style=\"--smush-placeholder-width: 1200px; --smush-placeholder-aspect-ratio: 1200\/675;object-fit:cover;\" data-srcset=\"https:\/\/www.geolegadodeallankardec.com.br\/wp-content\/uploads\/2021\/10\/espiritismo-nao-e-religiao.jpg 1200w, https:\/\/www.geolegadodeallankardec.com.br\/wp-content\/uploads\/2021\/10\/espiritismo-nao-e-religiao-300x169.jpg 300w, https:\/\/www.geolegadodeallankardec.com.br\/wp-content\/uploads\/2021\/10\/espiritismo-nao-e-religiao-1024x576.jpg 1024w, https:\/\/www.geolegadodeallankardec.com.br\/wp-content\/uploads\/2021\/10\/espiritismo-nao-e-religiao-768x432.jpg 768w, https:\/\/www.geolegadodeallankardec.com.br\/wp-content\/uploads\/2021\/10\/espiritismo-nao-e-religiao-18x10.jpg 18w, https:\/\/www.geolegadodeallankardec.com.br\/wp-content\/uploads\/2021\/10\/espiritismo-nao-e-religiao-370x208.jpg 370w\" data-sizes=\"(max-width: 1200px) 100vw, 1200px\" src=\"data:image\/svg+xml;base64,PHN2ZyB3aWR0aD0iMSIgaGVpZ2h0PSIxIiB4bWxucz0iaHR0cDovL3d3dy53My5vcmcvMjAwMC9zdmciPjwvc3ZnPg==\" \/><\/a><\/figure><\/div>\n\n\n\n<div class=\"wp-block-column is-layout-flow wp-block-column-is-layout-flow\" style=\"flex-basis:33.33%\"><h2 class=\"wp-block-post-title\"><a href=\"https:\/\/www.geolegadodeallankardec.com.br\/fr\/artigos\/em-destaque\/comunicacoes-espontaneas-allan-kardec\/\" target=\"_self\" >Communications spontan\u00e9es \u2013 Allan Kardec<\/a><\/h2>\n\n<div class=\"wp-block-post-excerpt\"><p class=\"wp-block-post-excerpt__excerpt\">Lors de notre derni\u00e8re s\u00e9ance d&#039;\u00e9tude m\u00e9diumnique, apr\u00e8s plusieurs \u00e9vocations, nous avons d\u00e9cid\u00e9, avec s\u00e9rieux et confiance, et sentant que le moment \u00e9tait opportun, de solliciter, indirectement, les conseils de l&#039;esprit d&#039;Allan Kardec, le codificateur du spiritisme. Le m\u00e9dium, en psychophonie, apr\u00e8s quelques instants de concentration, se met \u00e0 parler, d&#039;une mani\u00e8re assez inhabituelle\u2026 <\/p><\/div><\/div>\n<\/div>\n\n<\/li><li class=\"wp-block-post post-9191 post type-post status-publish format-standard has-post-thumbnail hentry category-em-destaque\">\n\n<div class=\"wp-block-columns alignwide is-layout-flex wp-container-core-columns-is-layout-9d6595d7 wp-block-columns-is-layout-flex\">\n<div class=\"wp-block-column is-layout-flow wp-block-column-is-layout-flow\" style=\"flex-basis:66.66%\"><figure class=\"wp-block-post-featured-image\"><a href=\"https:\/\/www.geolegadodeallankardec.com.br\/fr\/artigos\/em-destaque\/apometria-e-espiritismo-uma-leitura-critica-das-incompatibilidades-estruturais\/\" target=\"_self\"  ><img decoding=\"async\" width=\"1200\" height=\"675\" data-src=\"https:\/\/www.geolegadodeallankardec.com.br\/wp-content\/uploads\/2024\/10\/Kardec-critica-espirito.jpg\" class=\"attachment-post-thumbnail size-post-thumbnail wp-post-image lazyload\" alt=\"Apom\u00e9trie et spiritisme : une lecture critique de leurs incompatibilit\u00e9s structurelles.\" style=\"--smush-placeholder-width: 1200px; --smush-placeholder-aspect-ratio: 1200\/675;object-fit:cover;\" data-srcset=\"https:\/\/www.geolegadodeallankardec.com.br\/wp-content\/uploads\/2024\/10\/Kardec-critica-espirito.jpg 1200w, https:\/\/www.geolegadodeallankardec.com.br\/wp-content\/uploads\/2024\/10\/Kardec-critica-espirito-300x169.jpg 300w, https:\/\/www.geolegadodeallankardec.com.br\/wp-content\/uploads\/2024\/10\/Kardec-critica-espirito-1024x576.jpg 1024w, https:\/\/www.geolegadodeallankardec.com.br\/wp-content\/uploads\/2024\/10\/Kardec-critica-espirito-768x432.jpg 768w, https:\/\/www.geolegadodeallankardec.com.br\/wp-content\/uploads\/2024\/10\/Kardec-critica-espirito-18x10.jpg 18w, https:\/\/www.geolegadodeallankardec.com.br\/wp-content\/uploads\/2024\/10\/Kardec-critica-espirito-370x208.jpg 370w\" data-sizes=\"(max-width: 1200px) 100vw, 1200px\" src=\"data:image\/svg+xml;base64,PHN2ZyB3aWR0aD0iMSIgaGVpZ2h0PSIxIiB4bWxucz0iaHR0cDovL3d3dy53My5vcmcvMjAwMC9zdmciPjwvc3ZnPg==\" \/><\/a><\/figure><\/div>\n\n\n\n<div class=\"wp-block-column is-layout-flow wp-block-column-is-layout-flow\" style=\"flex-basis:33.33%\"><h2 class=\"wp-block-post-title\"><a href=\"https:\/\/www.geolegadodeallankardec.com.br\/fr\/artigos\/em-destaque\/apometria-e-espiritismo-uma-leitura-critica-das-incompatibilidades-estruturais\/\" target=\"_self\" >Apom\u00e9trie et spiritisme : une lecture critique de leurs incompatibilit\u00e9s structurelles.<\/a><\/h2>\n\n<div class=\"wp-block-post-excerpt\"><p class=\"wp-block-post-excerpt__excerpt\">La distance entre l&#039;apom\u00e9trie et le spiritisme n&#039;appara\u00eet pas en marge, mais au c\u0153ur m\u00eame de chaque proposition. Lorsqu&#039;on examine de pr\u00e8s le syst\u00e8me apom\u00e9trique attribu\u00e9 \u00e0 Jos\u00e9 Lacerda de Azevedo et qu&#039;on le compare aux principes doctrinaux consolid\u00e9s dans les \u0153uvres d&#039;Allan Kardec \u2014 Le Livre des Esprits, Le Livre des M\u00e9diums, Gen\u00e8se\u2026 <\/p><\/div><\/div>\n<\/div>\n\n<\/li><li class=\"wp-block-post post-9184 post type-post status-publish format-standard has-post-thumbnail hentry category-em-destaque\">\n\n<div class=\"wp-block-columns alignwide is-layout-flex wp-container-core-columns-is-layout-9d6595d7 wp-block-columns-is-layout-flex\">\n<div class=\"wp-block-column is-layout-flow wp-block-column-is-layout-flow\" style=\"flex-basis:66.66%\"><figure class=\"wp-block-post-featured-image\"><a href=\"https:\/\/www.geolegadodeallankardec.com.br\/fr\/artigos\/em-destaque\/a-questao-da-identidade-dos-espiritos\/\" target=\"_self\"  ><img decoding=\"async\" width=\"1200\" height=\"675\" data-src=\"https:\/\/www.geolegadodeallankardec.com.br\/wp-content\/uploads\/2023\/10\/Untitled-4.jpeg\" class=\"attachment-post-thumbnail size-post-thumbnail wp-post-image lazyload\" alt=\"La question de l&#039;identit\u00e9 des esprits\" style=\"--smush-placeholder-width: 1200px; --smush-placeholder-aspect-ratio: 1200\/675;object-fit:cover;\" data-srcset=\"https:\/\/www.geolegadodeallankardec.com.br\/wp-content\/uploads\/2023\/10\/Untitled-4.jpeg 1200w, https:\/\/www.geolegadodeallankardec.com.br\/wp-content\/uploads\/2023\/10\/Untitled-4-300x169.jpeg 300w, https:\/\/www.geolegadodeallankardec.com.br\/wp-content\/uploads\/2023\/10\/Untitled-4-1024x576.jpeg 1024w, https:\/\/www.geolegadodeallankardec.com.br\/wp-content\/uploads\/2023\/10\/Untitled-4-768x432.jpeg 768w, https:\/\/www.geolegadodeallankardec.com.br\/wp-content\/uploads\/2023\/10\/Untitled-4-18x10.jpeg 18w, https:\/\/www.geolegadodeallankardec.com.br\/wp-content\/uploads\/2023\/10\/Untitled-4-370x208.jpeg 370w\" data-sizes=\"(max-width: 1200px) 100vw, 1200px\" src=\"data:image\/svg+xml;base64,PHN2ZyB3aWR0aD0iMSIgaGVpZ2h0PSIxIiB4bWxucz0iaHR0cDovL3d3dy53My5vcmcvMjAwMC9zdmciPjwvc3ZnPg==\" \/><\/a><\/figure><\/div>\n\n\n\n<div class=\"wp-block-column is-layout-flow wp-block-column-is-layout-flow\" style=\"flex-basis:33.33%\"><h2 class=\"wp-block-post-title\"><a href=\"https:\/\/www.geolegadodeallankardec.com.br\/fr\/artigos\/em-destaque\/a-questao-da-identidade-dos-espiritos\/\" target=\"_self\" >La question de l&#039;identit\u00e9 des esprits<\/a><\/h2>\n\n<div class=\"wp-block-post-excerpt\"><p class=\"wp-block-post-excerpt__excerpt\">Cette question a \u00e9t\u00e9 formul\u00e9e en r\u00e9ponse \u00e0 un message attribu\u00e9 \u00e0 Allan Kardec dans l&#039;introduction du livre \u201c\u00a0Le spiritisme est l&#039;\u0153uvre de J\u00e9sus\u00a0\u201d, de Paulo Henrique de Figueiredo et d&#039;autres auteurs\u00a0: \u00ab\u00a0Suivez le chemin que j&#039;ai parcouru. Oui, il y a eu de la douleur, de la peur, des revers et des obstacles. Mais rien ne m&#039;a arr\u00eat\u00e9\u00a0; bien au contraire\u00a0: ils m&#039;ont encourag\u00e9 et\u2026\u00a0\u00bb <\/p><\/div><\/div>\n<\/div>\n\n<\/li><li class=\"wp-block-post post-9172 post type-post status-publish format-standard has-post-thumbnail hentry category-comunicacoes-de-alem-tumulo category-em-destaque category-estudo-aprofundado-do-espiritismo tag-allan-kardec tag-espiritos tag-evocacoes tag-grupo-de-estudos tag-grupos-de-estudos tag-kardec tag-mediunidade tag-revista-espirita\">\n\n<div class=\"wp-block-columns alignwide is-layout-flex wp-container-core-columns-is-layout-9d6595d7 wp-block-columns-is-layout-flex\">\n<div class=\"wp-block-column is-layout-flow wp-block-column-is-layout-flow\" style=\"flex-basis:66.66%\"><figure class=\"wp-block-post-featured-image\"><a href=\"https:\/\/www.geolegadodeallankardec.com.br\/fr\/artigos\/comunicacoes-de-alem-tumulo\/analise-de-comunicacao-mediunica-a-metodologia-espirita-fe-provas-e-o-estudo-em-grupo\/\" target=\"_self\"  ><img decoding=\"async\" width=\"1024\" height=\"1024\" data-src=\"https:\/\/www.geolegadodeallankardec.com.br\/wp-content\/uploads\/2025\/11\/Gemini_Generated_Image_13qjie13qjie13qj.png\" class=\"attachment-post-thumbnail size-post-thumbnail wp-post-image lazyload\" alt=\"Analyse de la communication m\u00e9diumnique \u2013 La m\u00e9thodologie spirite\u00a0: foi, preuves et \u00e9tude de groupe\" style=\"--smush-placeholder-width: 1024px; --smush-placeholder-aspect-ratio: 1024\/1024;object-fit:cover;\" data-srcset=\"https:\/\/www.geolegadodeallankardec.com.br\/wp-content\/uploads\/2025\/11\/Gemini_Generated_Image_13qjie13qjie13qj.png 1024w, https:\/\/www.geolegadodeallankardec.com.br\/wp-content\/uploads\/2025\/11\/Gemini_Generated_Image_13qjie13qjie13qj-300x300.png 300w, https:\/\/www.geolegadodeallankardec.com.br\/wp-content\/uploads\/2025\/11\/Gemini_Generated_Image_13qjie13qjie13qj-150x150.png 150w, https:\/\/www.geolegadodeallankardec.com.br\/wp-content\/uploads\/2025\/11\/Gemini_Generated_Image_13qjie13qjie13qj-768x768.png 768w, https:\/\/www.geolegadodeallankardec.com.br\/wp-content\/uploads\/2025\/11\/Gemini_Generated_Image_13qjie13qjie13qj-12x12.png 12w, https:\/\/www.geolegadodeallankardec.com.br\/wp-content\/uploads\/2025\/11\/Gemini_Generated_Image_13qjie13qjie13qj-250x250.png 250w\" data-sizes=\"(max-width: 1024px) 100vw, 1024px\" src=\"data:image\/svg+xml;base64,PHN2ZyB3aWR0aD0iMSIgaGVpZ2h0PSIxIiB4bWxucz0iaHR0cDovL3d3dy53My5vcmcvMjAwMC9zdmciPjwvc3ZnPg==\" \/><\/a><\/figure><\/div>\n\n\n\n<div class=\"wp-block-column is-layout-flow wp-block-column-is-layout-flow\" style=\"flex-basis:33.33%\"><h2 class=\"wp-block-post-title\"><a href=\"https:\/\/www.geolegadodeallankardec.com.br\/fr\/artigos\/comunicacoes-de-alem-tumulo\/analise-de-comunicacao-mediunica-a-metodologia-espirita-fe-provas-e-o-estudo-em-grupo\/\" target=\"_self\" >Analyse de la communication m\u00e9diumnique \u2013 La m\u00e9thodologie spirite\u00a0: foi, preuves et \u00e9tude de groupe<\/a><\/h2>\n\n<div class=\"wp-block-post-excerpt\"><p class=\"wp-block-post-excerpt__excerpt\">Aujourd&#039;hui, nous vous proposons une nouvelle analyse de communication m\u00e9diumnique. L&#039;accent est toujours mis sur la mise en \u00e9vidence des caract\u00e9ristiques logiques des messages, \u00e0 travers leur contenu, une analyse point par point et des conclusions. En novembre 2025, lors d&#039;une de nos s\u00e9ances de m\u00e9diumnit\u00e9, un m\u00e9dium a re\u00e7u la communication psychographique spontan\u00e9e suivante d&#039;un esprit\u00a0: Il y avait\u2026 <\/p><\/div><\/div>\n<\/div>\n\n<\/li><\/ul><\/div>\n\n\n\n<div class=\"wp-block-buttons is-content-justification-center is-layout-flex wp-container-core-buttons-is-layout-16018d1d wp-block-buttons-is-layout-flex\">\n<div class=\"wp-block-button is-style-fill\"><a class=\"wp-block-button__link has-ast-global-color-7-color has-luminous-vivid-amber-background-color has-text-color has-background has-text-align-center wp-element-button\" href=\"https:\/\/www.geolegadodeallankardec.com.br\/fr\/des-articles-2\/\">Voir tous les articles<\/a><\/div>\n<\/div>\n\n\n\n<hr class=\"wp-block-separator has-alpha-channel-opacity is-style-dots\"\/>\n\n\n\n<div class=\"wp-block-columns has-background is-layout-flex wp-container-core-columns-is-layout-9d6595d7 wp-block-columns-is-layout-flex\" style=\"background-color:#f3f8f1\">\n<div class=\"wp-block-column is-layout-flow wp-block-column-is-layout-flow\">\n<h2 class=\"wp-block-heading\" id=\"h-obras-originais-nao-adulteradas-de-kardec-para-download-o-ceu-e-o-inferno-e-a-genese\">\u0152uvres originales (pures) de Kardec \u00e0 t\u00e9l\u00e9charger\u00a0: <strong>Paradis et enfer<\/strong> et <strong>La Gen\u00e8se<\/strong><\/h2>\n\n\n\n<div class=\"wp-block-columns is-layout-flex wp-container-core-columns-is-layout-9d6595d7 wp-block-columns-is-layout-flex\">\n<div class=\"wp-block-column has-black-color has-text-color has-link-color wp-elements-776cbf603efdcc1eb85cc0d10cf60ea2 is-layout-flow wp-block-column-is-layout-flow\">\n<p class=\"has-black-color has-text-color has-link-color wp-elements-0b1e44b06089d049649956e81161737d\"><strong>T\u00e9l\u00e9charger gratuitement<\/strong> le livre Heaven and Hell, de FEAL (\u00e9dition originale et sans alt\u00e9ration) : <a href=\"https:\/\/bit.ly\/3vVYQhu\" target=\"_blank\" rel=\"noreferrer noopener\">https:\/\/bit.ly\/3vVYQhu<\/a><\/p>\n<\/div>\n\n\n\n<div class=\"wp-block-column is-layout-flow wp-block-column-is-layout-flow\">\n<p class=\"has-black-color has-text-color has-link-color wp-elements-13602bf15901a7d2f7491382ef25158f\"><strong>T\u00e9l\u00e9charger gratuitement<\/strong> le livre A G\u00eanesis, de l&#039;\u00e9diteur FEAL (\u00e9dition originale et sans alt\u00e9ration) : <a href=\"https:\/\/bit.ly\/3SuJFVG\" target=\"_blank\" rel=\"noreferrer noopener\">bit.ly\/3SuJFVG<\/a><\/p>\n<\/div>\n<\/div>\n<\/div>\n<\/div>\n\n\n\n<div class=\"wp-block-buttons is-horizontal is-content-justification-center is-layout-flex wp-container-core-buttons-is-layout-499968f5 wp-block-buttons-is-layout-flex\">\n<div class=\"wp-block-button has-custom-width wp-block-button__width-50\"><a class=\"wp-block-button__link has-text-color has-background wp-element-button\" href=\"https:\/\/www.geolegadodeallankardec.com.br\/fr\/contact\/\" style=\"border-radius:50px;color:#ffffff;background-color:#000000\" target=\"_blank\" rel=\"noreferrer noopener\">Contact<\/a><\/div>\n<\/div>\n\n\n\n<p><\/p>\n\n\n\n<h2 class=\"wp-block-heading\" id=\"h-indicacoes-de-leitura-livros\">Recommandations de lecture (Livres)<\/h2>\n\n\n\n<ul class=\"wp-block-list\">\n<li>PDF gratuits par Kardec \u2013 <a href=\"https:\/\/bit.ly\/3sXXBxk\" target=\"_blank\" rel=\"noreferrer noopener\">https:\/\/bit.ly\/3sXXBxk<\/a><\/li>\n\n\n\n<li>Autonomie \u2013 L\u2019histoire in\u00e9dite du spiritisme\u00a0: <a href=\"https:\/\/amzn.to\/3PIvbyy\">https:\/\/amzn.to\/3PIvbyy<\/a> \u2013 \u00e9galement disponible en t\u00e9l\u00e9chargement sur <a href=\"https:\/\/www.ebookespirita.org\/Autonomia%20(Paulo%20Herinque%20de%20Figueredo).pdf\" target=\"_blank\" rel=\"noreferrer noopener\">https:\/\/www.ebookespirita.org\/Autonomia%20(Paulo%20Herinque%20de%20Figueredo).pdf<\/a><\/li>\n\n\n\n<li>L&#039;h\u00e9ritage d&#039;Allan Kardec\u00a0: <a href=\"https:\/\/amzn.to\/3RIn2gv\">https:\/\/amzn.to\/3RIn2gv<\/a><\/li>\n\n\n\n<li>Dernier point \u2013 les retrouvailles avec le spiritualisme avec Allan Kardec : <a href=\"https:\/\/amzn.to\/48PLaE7\">https:\/\/amzn.to\/48PLaE7<\/a><\/li>\n\n\n\n<li>Ni paradis ni enfer \u2013 Les lois de l\u2019\u00e2me selon le Spiritisme : <a href=\"https:\/\/amzn.to\/3F2voYO\">https:\/\/amzn.to\/3F2voYO<\/a><\/li>\n\n\n\n<li>Gen\u00e8se \u2013 Miracles et pr\u00e9dictions selon le Spiritisme (pur) : <a href=\"https:\/\/bit.ly\/3SuJFVG\">PDF gratuit<\/a> ou alors <a href=\"https:\/\/amzn.to\/3RM91hF\">https:\/\/amzn.to\/3RM91hF<\/a><\/li>\n\n\n\n<li>Ciel et Enfer : Ou justice divine selon le Spiritisme (pur) : <a href=\"https:\/\/bit.ly\/3vVYQhu\">PDF gratuit<\/a> ou alors <a href=\"https:\/\/amzn.to\/3ZGrcal\">https:\/\/amzn.to\/3ZGrcal<\/a><\/li>\n\n\n\n<li>R\u00e9volution Spirite. La th\u00e9orie oubli\u00e9e d&#039;Allan Kardec : <a href=\"https:\/\/amzn.to\/3t7HIUH\">https:\/\/amzn.to\/3t7HIUH<\/a><\/li>\n\n\n\n<li>Envo\u00fbteur. La science ni\u00e9e du magn\u00e9tisme animal : <a href=\"https:\/\/amzn.to\/3PYc1X2\">https:\/\/amzn.to\/3PYc1X2<\/a><\/li>\n\n\n\n<li>Le Livre des M\u00e9diums : <a href=\"https:\/\/amzn.to\/3PDNTHK\">https:\/\/amzn.to\/3PDNTHK<\/a><\/li>\n\n\n\n<li>Le Livre des Esprits : <a href=\"https:\/\/amzn.to\/3QkcFx9\">https:\/\/amzn.to\/3QkcFx9<\/a><\/li>\n\n\n\n<li>Revue Spirite \u2013 collection compl\u00e8te : <a href=\"https:\/\/amzn.to\/48Uxh7s\">https:\/\/amzn.to\/48Uxh7s<\/a><\/li>\n\n\n\n<li>Instructions pratiques sur les manifestations spirites : <a href=\"https:\/\/amzn.to\/3QiR8Gc\">https:\/\/amzn.to\/3QiR8Gc<\/a><\/li>\n\n\n\n<li>Le Spiritisme dans sa plus simple expression : <a href=\"https:\/\/amzn.to\/3M6fXT5\">https:\/\/amzn.to\/3M6fXT5<\/a><\/li>\n<\/ul>\n\n\n\n<div style=\"height:64px\" aria-hidden=\"true\" class=\"wp-block-spacer\"><\/div>\n\n\n\n<hr class=\"wp-block-separator has-alpha-channel-opacity\"\/>\n<\/div><\/div>\n\n\n\n<div style=\"height:31px\" aria-hidden=\"true\" class=\"wp-block-spacer\"><\/div>\n\n\n\n<h2 class=\"wp-block-heading\" id=\"h-o-legado-de-allan-kardec\">L&#039;h\u00e9ritage d&#039;Allan Kardec<\/h2>\n\n\n\n<p>Le nom donn\u00e9 \u00e0 ce groupe \u2013 Allan Kardec&#039;s Legacy Study Group \u2013 a \u00e9t\u00e9 inspir\u00e9 par le travail du m\u00eame nom, de Simoni Privato, qui, en effectuant des recherches sur le terrain, a rassembl\u00e9 de nombreuses preuves et t\u00e9moignages de la d\u00e9viation commise, apr\u00e8s la mort du professeur, dans Spiritisme et dans son \u0153uvre, Gen\u00e8se.<\/p>\n\n\n\n<p>Pour avoir \u00e9t\u00e9 un travail aussi bien fond\u00e9 et d\u00e9vou\u00e9, nos remerciements et hommage \u00e0 elle \u00e0 travers cette initiative.<\/p>\n\n\n\n<div class=\"wp-block-media-text is-stacked-on-mobile\"><figure class=\"wp-block-media-text__media\"><img decoding=\"async\" width=\"695\" height=\"695\" data-src=\"https:\/\/www.geolegadodeallankardec.com.br\/wp-content\/uploads\/2021\/08\/cropped-allan-kardec-2.png\" alt=\"\" class=\"wp-image-6 size-full lazyload\" data-srcset=\"https:\/\/www.geolegadodeallankardec.com.br\/wp-content\/uploads\/2021\/08\/cropped-allan-kardec-2.png 695w, https:\/\/www.geolegadodeallankardec.com.br\/wp-content\/uploads\/2021\/08\/cropped-allan-kardec-2-300x300.png 300w, https:\/\/www.geolegadodeallankardec.com.br\/wp-content\/uploads\/2021\/08\/cropped-allan-kardec-2-150x150.png 150w\" data-sizes=\"(max-width: 695px) 100vw, 695px\" src=\"data:image\/svg+xml;base64,PHN2ZyB3aWR0aD0iMSIgaGVpZ2h0PSIxIiB4bWxucz0iaHR0cDovL3d3dy53My5vcmcvMjAwMC9zdmciPjwvc3ZnPg==\" style=\"--smush-placeholder-width: 695px; --smush-placeholder-aspect-ratio: 695\/695;\" \/><\/figure><div class=\"wp-block-media-text__content\">\n<blockquote class=\"wp-block-quote is-layout-flow wp-block-quote-is-layout-flow\">\n<p class=\"translation-block\"><em><strong>G\u00e9n\u00e9ralit\u00e9 et accord<\/strong> dans l&#039;enseignement, tel est le caract\u00e8re <strong>essentiel<\/strong> de la doctrine, la condition m\u00eame de son existence, d&#039;o\u00f9 il r\u00e9sulte que <strong>tout principe qui n&#039;a pas encore re\u00e7u la cons\u00e9cration du contr\u00f4le de la g\u00e9n\u00e9ralit\u00e9 ne peut \u00eatre consid\u00e9r\u00e9 comme faisant partie int\u00e9grante de cette m\u00eame doctrine<\/strong> . Ce sera une simple opinion isol\u00e9e, dont le spiritisme ne saurait assumer la responsabilit\u00e9.<\/em><\/p>\n\n\n\n<p class=\"translation-block\"><em>Cette collectivit\u00e9 en accord avec l&#039;opinion des Esprits, transmise aux autres, par le crit\u00e8re de la logique, est ce qui fait la force de la doctrine spirite et en assure la <strong>p\u00e9rennit\u00e9<\/strong> .<\/em><\/p>\n<cite>Allan Kardec \u2013 La Gen\u00e8se<\/cite><\/blockquote>\n<\/div><\/div>","protected":false},"excerpt":{"rendered":"<p>O livro que todos precisam ler: Clique aqui para comprar, apoiando nosso projeto. Eu quero: Recomenda\u00e7\u00f5es de Estudos Autonomia, a Verdadeira Ideia Esp\u00edrita \u2014 Paulo Henrique de Figueiredo O Bem e o Mal, Castigos e Recompensas, Sombra e Luz Allan Kardec e a revolu\u00e7\u00e3o moral da humanidade Estudo do Livro \u201cO c\u00e9u e o Inferno\u201d [&hellip;]<\/p>\n","protected":false},"author":34,"featured_media":8447,"parent":0,"menu_order":0,"comment_status":"closed","ping_status":"closed","template":"","meta":{"footnotes":""},"class_list":["post-68","page","type-page","status-publish","has-post-thumbnail","hentry"],"yoast_head":"<!-- This site is optimized with the Yoast SEO Premium plugin v21.1 (Yoast SEO v27.4) - https:\/\/yoast.com\/product\/yoast-seo-premium-wordpress\/ -->\n<title>Grupo de Estudos O Legado de Allan Kardec - Grupo de Estudos O Legado de Allan Kardec<\/title>\n<meta name=\"description\" content=\"Allan Kardec fez muito pelo Espiritismo, mas a Doutrina foi esquecida ap\u00f3s sua morte. Nosso prop\u00f3sito \u00e9 fazer parte da recupera\u00e7\u00e3o.\" \/>\n<meta name=\"robots\" content=\"index, follow, max-snippet:-1, max-image-preview:large, max-video-preview:-1\" \/>\n<link rel=\"canonical\" href=\"https:\/\/www.geolegadodeallankardec.com.br\/fr\/\" \/>\n<meta property=\"og:locale\" content=\"fr_FR\" \/>\n<meta property=\"og:type\" content=\"article\" \/>\n<meta property=\"og:title\" content=\"Grupo de Estudos O Legado de Allan Kardec\" \/>\n<meta property=\"og:description\" content=\"Allan Kardec fez muito pelo Espiritismo, mas a Doutrina foi esquecida ap\u00f3s sua morte. Nosso prop\u00f3sito \u00e9 fazer parte da recupera\u00e7\u00e3o.\" \/>\n<meta property=\"og:url\" content=\"https:\/\/www.geolegadodeallankardec.com.br\/fr\/\" \/>\n<meta property=\"og:site_name\" content=\"Grupo de Estudos O Legado de Allan Kardec\" \/>\n<meta property=\"article:modified_time\" content=\"2026-04-24T21:06:30+00:00\" \/>\n<meta property=\"og:image\" content=\"https:\/\/www.geolegadodeallankardec.com.br\/wp-content\/uploads\/2024\/03\/grupo-de-estudos-o-legado-de-allan-kardec.jpg\" \/>\n\t<meta property=\"og:image:width\" content=\"1200\" \/>\n\t<meta property=\"og:image:height\" content=\"675\" \/>\n\t<meta property=\"og:image:type\" content=\"image\/jpeg\" \/>\n<meta name=\"twitter:card\" content=\"summary_large_image\" \/>\n<meta name=\"twitter:label1\" content=\"Dur\u00e9e de lecture estim\u00e9e\" \/>\n\t<meta name=\"twitter:data1\" content=\"3 minutes\" \/>\n<script type=\"application\/ld+json\" class=\"yoast-schema-graph\">{\"@context\":\"https:\\\/\\\/schema.org\",\"@graph\":[{\"@type\":\"WebPage\",\"@id\":\"https:\\\/\\\/www.geolegadodeallankardec.com.br\\\/\",\"url\":\"https:\\\/\\\/www.geolegadodeallankardec.com.br\\\/\",\"name\":\"Grupo de Estudos O Legado de Allan Kardec - Grupo de Estudos O Legado de Allan Kardec\",\"isPartOf\":{\"@id\":\"https:\\\/\\\/www.geolegadodeallankardec.com.br\\\/es\\\/#website\"},\"primaryImageOfPage\":{\"@id\":\"https:\\\/\\\/www.geolegadodeallankardec.com.br\\\/#primaryimage\"},\"image\":{\"@id\":\"https:\\\/\\\/www.geolegadodeallankardec.com.br\\\/#primaryimage\"},\"thumbnailUrl\":\"https:\\\/\\\/www.geolegadodeallankardec.com.br\\\/wp-content\\\/uploads\\\/2024\\\/03\\\/grupo-de-estudos-o-legado-de-allan-kardec.jpg\",\"datePublished\":\"2021-08-23T22:14:59+00:00\",\"dateModified\":\"2026-04-24T21:06:30+00:00\",\"description\":\"Allan Kardec fez muito pelo Espiritismo, mas a Doutrina foi esquecida ap\u00f3s sua morte. Nosso prop\u00f3sito \u00e9 fazer parte da recupera\u00e7\u00e3o.\",\"breadcrumb\":{\"@id\":\"https:\\\/\\\/www.geolegadodeallankardec.com.br\\\/#breadcrumb\"},\"inLanguage\":\"fr-FR\",\"potentialAction\":[{\"@type\":\"ReadAction\",\"target\":[\"https:\\\/\\\/www.geolegadodeallankardec.com.br\\\/\"]}]},{\"@type\":\"ImageObject\",\"inLanguage\":\"fr-FR\",\"@id\":\"https:\\\/\\\/www.geolegadodeallankardec.com.br\\\/#primaryimage\",\"url\":\"https:\\\/\\\/www.geolegadodeallankardec.com.br\\\/wp-content\\\/uploads\\\/2024\\\/03\\\/grupo-de-estudos-o-legado-de-allan-kardec.jpg\",\"contentUrl\":\"https:\\\/\\\/www.geolegadodeallankardec.com.br\\\/wp-content\\\/uploads\\\/2024\\\/03\\\/grupo-de-estudos-o-legado-de-allan-kardec.jpg\",\"width\":1200,\"height\":675},{\"@type\":\"BreadcrumbList\",\"@id\":\"https:\\\/\\\/www.geolegadodeallankardec.com.br\\\/#breadcrumb\",\"itemListElement\":[{\"@type\":\"ListItem\",\"position\":1,\"name\":\"In\u00edcio\",\"item\":\"https:\\\/\\\/www.geolegadodeallankardec.com.br\\\/\"},{\"@type\":\"ListItem\",\"position\":2,\"name\":\"Grupo de Estudos O Legado de Allan Kardec\"}]},{\"@type\":\"WebSite\",\"@id\":\"https:\\\/\\\/www.geolegadodeallankardec.com.br\\\/es\\\/#website\",\"url\":\"https:\\\/\\\/www.geolegadodeallankardec.com.br\\\/es\\\/\",\"name\":\"Grupo de Estudos O Legado de Allan Kardec\",\"description\":\"Grupo de Estudos voltado ao aprofundamento do estudo do Espiritismo\",\"potentialAction\":[{\"@type\":\"SearchAction\",\"target\":{\"@type\":\"EntryPoint\",\"urlTemplate\":\"https:\\\/\\\/www.geolegadodeallankardec.com.br\\\/es\\\/?s={search_term_string}\"},\"query-input\":{\"@type\":\"PropertyValueSpecification\",\"valueRequired\":true,\"valueName\":\"search_term_string\"}}],\"inLanguage\":\"fr-FR\"}]}<\/script>\n<!-- \/ Yoast SEO Premium plugin. -->","yoast_head_json":{"title":"Groupe d&#039;\u00e9tude L&#039;h\u00e9ritage d&#039;Allan Kardec - Groupe d&#039;\u00e9tude L&#039;h\u00e9ritage d&#039;Allan Kardec","description":"Allan Kardec a fait beaucoup pour le Spiritisme, mais la Doctrine fut oubli\u00e9e apr\u00e8s sa mort. Notre objectif est de faire partie de la reprise.","robots":{"index":"index","follow":"follow","max-snippet":"max-snippet:-1","max-image-preview":"max-image-preview:large","max-video-preview":"max-video-preview:-1"},"canonical":"https:\/\/www.geolegadodeallankardec.com.br\/fr\/","og_locale":"fr_FR","og_type":"article","og_title":"Grupo de Estudos O Legado de Allan Kardec","og_description":"Allan Kardec fez muito pelo Espiritismo, mas a Doutrina foi esquecida ap\u00f3s sua morte. Nosso prop\u00f3sito \u00e9 fazer parte da recupera\u00e7\u00e3o.","og_url":"https:\/\/www.geolegadodeallankardec.com.br\/fr\/","og_site_name":"Grupo de Estudos O Legado de Allan Kardec","article_modified_time":"2026-04-24T21:06:30+00:00","og_image":[{"width":1200,"height":675,"url":"https:\/\/www.geolegadodeallankardec.com.br\/wp-content\/uploads\/2024\/03\/grupo-de-estudos-o-legado-de-allan-kardec.jpg","type":"image\/jpeg"}],"twitter_card":"summary_large_image","twitter_misc":{"Dur\u00e9e de lecture estim\u00e9e":"3 minutes"},"schema":{"@context":"https:\/\/schema.org","@graph":[{"@type":"WebPage","@id":"https:\/\/www.geolegadodeallankardec.com.br\/","url":"https:\/\/www.geolegadodeallankardec.com.br\/","name":"Groupe d&#039;\u00e9tude L&#039;h\u00e9ritage d&#039;Allan Kardec - Groupe d&#039;\u00e9tude L&#039;h\u00e9ritage d&#039;Allan Kardec","isPartOf":{"@id":"https:\/\/www.geolegadodeallankardec.com.br\/es\/#website"},"primaryImageOfPage":{"@id":"https:\/\/www.geolegadodeallankardec.com.br\/#primaryimage"},"image":{"@id":"https:\/\/www.geolegadodeallankardec.com.br\/#primaryimage"},"thumbnailUrl":"https:\/\/www.geolegadodeallankardec.com.br\/wp-content\/uploads\/2024\/03\/grupo-de-estudos-o-legado-de-allan-kardec.jpg","datePublished":"2021-08-23T22:14:59+00:00","dateModified":"2026-04-24T21:06:30+00:00","description":"Allan Kardec a fait beaucoup pour le Spiritisme, mais la Doctrine fut oubli\u00e9e apr\u00e8s sa mort. Notre objectif est de faire partie de la reprise.","breadcrumb":{"@id":"https:\/\/www.geolegadodeallankardec.com.br\/#breadcrumb"},"inLanguage":"fr-FR","potentialAction":[{"@type":"ReadAction","target":["https:\/\/www.geolegadodeallankardec.com.br\/"]}]},{"@type":"ImageObject","inLanguage":"fr-FR","@id":"https:\/\/www.geolegadodeallankardec.com.br\/#primaryimage","url":"https:\/\/www.geolegadodeallankardec.com.br\/wp-content\/uploads\/2024\/03\/grupo-de-estudos-o-legado-de-allan-kardec.jpg","contentUrl":"https:\/\/www.geolegadodeallankardec.com.br\/wp-content\/uploads\/2024\/03\/grupo-de-estudos-o-legado-de-allan-kardec.jpg","width":1200,"height":675},{"@type":"BreadcrumbList","@id":"https:\/\/www.geolegadodeallankardec.com.br\/#breadcrumb","itemListElement":[{"@type":"ListItem","position":1,"name":"In\u00edcio","item":"https:\/\/www.geolegadodeallankardec.com.br\/"},{"@type":"ListItem","position":2,"name":"Grupo de Estudos O Legado de Allan Kardec"}]},{"@type":"WebSite","@id":"https:\/\/www.geolegadodeallankardec.com.br\/es\/#website","url":"https:\/\/www.geolegadodeallankardec.com.br\/es\/","name":"Groupe d&#039;\u00e9tude L&#039;h\u00e9ritage d&#039;Allan Kardec","description":"Groupe d&#039;\u00e9tude visant \u00e0 approfondir l&#039;\u00e9tude du spiritisme","potentialAction":[{"@type":"SearchAction","target":{"@type":"EntryPoint","urlTemplate":"https:\/\/www.geolegadodeallankardec.com.br\/es\/?s={search_term_string}"},"query-input":{"@type":"PropertyValueSpecification","valueRequired":true,"valueName":"search_term_string"}}],"inLanguage":"fr-FR"}]}},"_links":{"self":[{"href":"https:\/\/www.geolegadodeallankardec.com.br\/fr\/wp-json\/wp\/v2\/pages\/68","targetHints":{"allow":["GET"]}}],"collection":[{"href":"https:\/\/www.geolegadodeallankardec.com.br\/fr\/wp-json\/wp\/v2\/pages"}],"about":[{"href":"https:\/\/www.geolegadodeallankardec.com.br\/fr\/wp-json\/wp\/v2\/types\/page"}],"author":[{"embeddable":true,"href":"https:\/\/www.geolegadodeallankardec.com.br\/fr\/wp-json\/wp\/v2\/users\/34"}],"replies":[{"embeddable":true,"href":"https:\/\/www.geolegadodeallankardec.com.br\/fr\/wp-json\/wp\/v2\/comments?post=68"}],"version-history":[{"count":247,"href":"https:\/\/www.geolegadodeallankardec.com.br\/fr\/wp-json\/wp\/v2\/pages\/68\/revisions"}],"predecessor-version":[{"id":9315,"href":"https:\/\/www.geolegadodeallankardec.com.br\/fr\/wp-json\/wp\/v2\/pages\/68\/revisions\/9315"}],"wp:featuredmedia":[{"embeddable":true,"href":"https:\/\/www.geolegadodeallankardec.com.br\/fr\/wp-json\/wp\/v2\/media\/8447"}],"wp:attachment":[{"href":"https:\/\/www.geolegadodeallankardec.com.br\/fr\/wp-json\/wp\/v2\/media?parent=68"}],"curies":[{"name":"wp","href":"https:\/\/api.w.org\/{rel}","templated":true}]}}