{"id":68,"date":"2021-08-23T19:14:59","date_gmt":"2021-08-23T22:14:59","guid":{"rendered":"https:\/\/geolegadodeallankardec.com.br\/?page_id=68"},"modified":"2026-04-24T18:06:30","modified_gmt":"2026-04-24T21:06:30","slug":"be-welcome","status":"publish","type":"page","link":"https:\/\/www.geolegadodeallankardec.com.br\/en\/","title":{"rendered":"Study Group The Legacy of Allan Kardec"},"content":{"rendered":"<div class=\"pdfprnt-buttons pdfprnt-buttons-page pdfprnt-top-right\"><a href=\"https:\/\/www.geolegadodeallankardec.com.br\/en\/wp-json\/wp\/v2\/pages\/68?print=pdf\" class=\"pdfprnt-button pdfprnt-button-pdf\" target=\"_blank\" ><img decoding=\"async\" data-src=\"https:\/\/www.geolegadodeallankardec.com.br\/wp-content\/plugins\/pdf-print\/images\/pdf.png\" alt=\"image_pdf\" title=\"View PDF\" src=\"data:image\/svg+xml;base64,PHN2ZyB3aWR0aD0iMSIgaGVpZ2h0PSIxIiB4bWxucz0iaHR0cDovL3d3dy53My5vcmcvMjAwMC9zdmciPjwvc3ZnPg==\" class=\"lazyload\" style=\"--smush-placeholder-width: 32px; --smush-placeholder-aspect-ratio: 32\/32;\" \/><\/a><a href=\"https:\/\/www.geolegadodeallankardec.com.br\/en\/wp-json\/wp\/v2\/pages\/68?print=print\" class=\"pdfprnt-button pdfprnt-button-print\" target=\"_blank\" ><img decoding=\"async\" data-src=\"https:\/\/www.geolegadodeallankardec.com.br\/wp-content\/plugins\/pdf-print\/images\/print.png\" alt=\"image_print\" title=\"Print Content\" src=\"data:image\/svg+xml;base64,PHN2ZyB3aWR0aD0iMSIgaGVpZ2h0PSIxIiB4bWxucz0iaHR0cDovL3d3dy53My5vcmcvMjAwMC9zdmciPjwvc3ZnPg==\" class=\"lazyload\" style=\"--smush-placeholder-width: 32px; --smush-placeholder-aspect-ratio: 32\/32;\" \/><\/a><\/div>\n<div class=\"wp-block-group alignfull has-text-color has-background\" style=\"color:#000000;background-color:#fff3e34f\"><div class=\"wp-block-group__inner-container is-layout-flow wp-block-group-is-layout-flow\">\n<h2 class=\"wp-block-heading has-text-align-center has-large-font-size\">The book that <strong>all<\/strong> They need to read:<\/h2>\n\n\n<div class=\"wp-block-image\">\n<figure class=\"aligncenter size-full is-resized\"><img fetchpriority=\"high\" decoding=\"async\" width=\"594\" height=\"800\" src=\"https:\/\/www.geolegadodeallankardec.com.br\/wp-content\/uploads\/2025\/10\/D_NQ_NP_2X_750916-MLB50863311951_072022-F.webp\" alt=\"\" class=\"wp-image-9148\" style=\"width:228px;height:auto\" srcset=\"https:\/\/www.geolegadodeallankardec.com.br\/wp-content\/uploads\/2025\/10\/D_NQ_NP_2X_750916-MLB50863311951_072022-F.webp 594w, https:\/\/www.geolegadodeallankardec.com.br\/wp-content\/uploads\/2025\/10\/D_NQ_NP_2X_750916-MLB50863311951_072022-F-223x300.webp 223w, https:\/\/www.geolegadodeallankardec.com.br\/wp-content\/uploads\/2025\/10\/D_NQ_NP_2X_750916-MLB50863311951_072022-F-9x12.webp 9w, https:\/\/www.geolegadodeallankardec.com.br\/wp-content\/uploads\/2025\/10\/D_NQ_NP_2X_750916-MLB50863311951_072022-F-186x250.webp 186w\" sizes=\"(max-width: 594px) 100vw, 594px\" \/><\/figure>\n<\/div>\n\n\n<p class=\"has-text-align-center\"><a href=\"https:\/\/mercadolivre.com\/sec\/1C8T2xs\">Click here to buy, supporting our project.<\/a>.<\/p>\n\n\n\n<hr class=\"wp-block-separator has-alpha-channel-opacity\"\/>\n\n\n\n<h2 class=\"wp-block-heading has-text-align-center\" id=\"schedule-a-visit\" style=\"font-size:50px;line-height:1.15\"><strong>I want:<\/strong><\/h2>\n\n\n\n<div class=\"wp-block-buttons is-vertical is-content-justification-center is-layout-flex wp-container-core-buttons-is-layout-9a7cdcfd wp-block-buttons-is-layout-flex\">\n<div class=\"wp-block-button btn-highlight is-style-fill\"><a class=\"wp-block-button__link wp-element-button\" href=\"https:\/\/bit.ly\/4cMeJHF\" target=\"_blank\" rel=\"noreferrer noopener\">Download Kardec&#039;s unadulterated works<\/a><\/div>\n\n\n\n<div class=\"wp-block-button\"><a class=\"wp-block-button__link wp-element-button\" href=\"https:\/\/bit.ly\/3XT68i5\" target=\"_blank\" rel=\"noreferrer noopener\">Know True Spiritism<\/a><\/div>\n\n\n\n<div class=\"wp-block-button is-style-fill\"><a class=\"wp-block-button__link has-white-color has-black-background-color has-text-color has-background has-link-color wp-element-button\" href=\"https:\/\/www.geolegadodeallankardec.com.br\/en\/articles-2\/miscellaneous-2\/brazilian-spiritual-federation-and-its-time-to-put-things-back-in-their-rightful-place\/\">Understanding the FEB deviation<\/a><\/div>\n\n\n\n<div class=\"wp-block-button has-custom-width wp-block-button__width-25\"><a class=\"wp-block-button__link has-background wp-element-button\" href=\"https:\/\/www.geolegadodeallankardec.com.br\/en\/study-groups\/\" style=\"background:linear-gradient(135deg,rgb(52,169,236) 0%,rgb(155,81,224) 100%);font-style:normal;font-weight:900\">STUDYING<\/a><\/div>\n\n\n\n<div class=\"wp-block-button is-style-fill\"><a class=\"wp-block-button__link has-background wp-element-button\" href=\"https:\/\/bit.ly\/3oXIrmh\" style=\"background-color:#000000\" target=\"_blank\" rel=\"noreferrer noopener\">Find out if Kardec is racist<\/a><\/div>\n\n\n\n<div class=\"wp-block-button\"><a class=\"wp-block-button__link wp-element-button\" href=\"https:\/\/bit.ly\/4cRNo6O\">Video Recommendations for Learning<\/a><\/div>\n\n\n\n<div class=\"wp-block-button\"><a class=\"wp-block-button__link wp-element-button\" href=\"https:\/\/bit.ly\/3VSXKfZ\">Reading Recommendations<\/a><\/div>\n\n\n\n<div class=\"wp-block-button\"><a class=\"wp-block-button__link has-background wp-element-button\" href=\"https:\/\/bit.ly\/3LfcroM\" style=\"background-color:#9454d5\">Learn more about Adulterations<\/a><\/div>\n\n\n\n<div class=\"wp-block-button\"><a class=\"wp-block-button__link wp-element-button\" href=\"https:\/\/bit.ly\/3oZJtxV\">Get to know the articles on this site<\/a><\/div>\n\n\n\n<div class=\"wp-block-button\"><a class=\"wp-block-button__link wp-element-button\" href=\"https:\/\/bit.ly\/3XPLNKv\">Get in Touch<\/a><\/div>\n<\/div>\n\n\n\n<div style=\"height:29px\" aria-hidden=\"true\" class=\"wp-block-spacer\"><\/div>\n\n\n\n<figure class=\"wp-block-video\"><video height=\"720\" style=\"aspect-ratio: 1280 \/ 720;\" width=\"1280\" controls src=\"https:\/\/www.geolegadodeallankardec.com.br\/wp-content\/uploads\/2026\/03\/Moral__Igreja_vs.mp4\"><\/video><\/figure>\n\n\n\n<div style=\"height:44px\" aria-hidden=\"true\" class=\"wp-block-spacer\"><\/div>\n\n\n\n<h2 class=\"wp-block-heading has-text-align-center\" id=\"h-recomendacoes-de-estudos\"><strong>Study Recommendations<\/strong> <\/h2>\n\n\n\n<div class=\"wp-block-columns is-layout-flex wp-container-core-columns-is-layout-9d6595d7 wp-block-columns-is-layout-flex\">\n<div class=\"wp-block-column is-layout-flow wp-block-column-is-layout-flow\">\n<h3 class=\"wp-block-heading\" id=\"h-autonomia-a-verdadeira-ideia-espirita-paulo-henrique-de-figueiredo\">Autonomy, the True Spiritist Idea \u2014 Paulo Henrique de Figueiredo<\/h3>\n\n\n\n<figure class=\"wp-block-embed is-type-video is-provider-youtube wp-block-embed-youtube wp-embed-aspect-16-9 wp-has-aspect-ratio\"><div class=\"wp-block-embed__wrapper\">\n<iframe title=\"Autonomy, the True Spiritist Idea \u2014 Spiritist Autonomy: Education | Paulo Henrique de Figueiredo\" width=\"640\" height=\"360\" data-src=\"https:\/\/www.youtube.com\/embed\/IvsiR6YSUvY?feature=oembed\" frameborder=\"0\" allow=\"accelerometer; autoplay; clipboard-write; encrypted-media; gyroscope; picture-in-picture; web-share\" referrerpolicy=\"strict-origin-when-cross-origin\" allowfullscreen src=\"data:image\/svg+xml;base64,PHN2ZyB3aWR0aD0iMSIgaGVpZ2h0PSIxIiB4bWxucz0iaHR0cDovL3d3dy53My5vcmcvMjAwMC9zdmciPjwvc3ZnPg==\" class=\"lazyload\" data-load-mode=\"1\"><\/iframe>\n<\/div><\/figure>\n\n\n\n<h3 class=\"wp-block-heading\" id=\"h-o-bem-e-o-mal-castigos-e-recompensas-sombra-e-luz\">Good and Evil, Punishments and Rewards, Shadow and Light<\/h3>\n\n\n\n<figure class=\"wp-block-embed is-type-video is-provider-youtube wp-block-embed-youtube wp-embed-aspect-16-9 wp-has-aspect-ratio\"><div class=\"wp-block-embed__wrapper\">\n<iframe title=\"Good and Evil, Punishments and Rewards, Shadow and Light - Paulo Henrique de Figueiredo - 1st Part\" width=\"640\" height=\"360\" data-src=\"https:\/\/www.youtube.com\/embed\/4XGXpRxNhok?list=PLsAbsc_D88fESKfyJVcPUmqfCwe04gtJn\" frameborder=\"0\" allow=\"accelerometer; autoplay; clipboard-write; encrypted-media; gyroscope; picture-in-picture; web-share\" referrerpolicy=\"strict-origin-when-cross-origin\" allowfullscreen src=\"data:image\/svg+xml;base64,PHN2ZyB3aWR0aD0iMSIgaGVpZ2h0PSIxIiB4bWxucz0iaHR0cDovL3d3dy53My5vcmcvMjAwMC9zdmciPjwvc3ZnPg==\" class=\"lazyload\" data-load-mode=\"1\"><\/iframe>\n<\/div><\/figure>\n<\/div>\n\n\n\n<div class=\"wp-block-column is-layout-flow wp-block-column-is-layout-flow\">\n<h3 class=\"wp-block-heading\" id=\"h-allan-kardec-e-a-revolucao-moral-da-humanidade\"><a href=\"https:\/\/www.geolegadodeallankardec.com.br\/en\/articles-2\/highlighted-2\/allan-kardec-and-the-moral-revolution-of-humanity\/\">Allan Kardec and the moral revolution of humanity<\/a><\/h3>\n\n\n\n<figure class=\"wp-block-image size-large\"><a href=\"https:\/\/www.geolegadodeallankardec.com.br\/en\/articles-2\/highlighted-2\/allan-kardec-and-the-moral-revolution-of-humanity\/\"><img decoding=\"async\" width=\"1024\" height=\"574\" data-src=\"https:\/\/www.geolegadodeallankardec.com.br\/wp-content\/uploads\/2023\/10\/image-5-1024x574.png\" alt=\"Allan Kardec and the moral revolution of humanity\" class=\"wp-image-8017 lazyload\" data-srcset=\"https:\/\/www.geolegadodeallankardec.com.br\/wp-content\/uploads\/2023\/10\/image-5-1024x574.png 1024w, https:\/\/www.geolegadodeallankardec.com.br\/wp-content\/uploads\/2023\/10\/image-5-300x168.png 300w, https:\/\/www.geolegadodeallankardec.com.br\/wp-content\/uploads\/2023\/10\/image-5-768x431.png 768w, https:\/\/www.geolegadodeallankardec.com.br\/wp-content\/uploads\/2023\/10\/image-5-18x10.png 18w, https:\/\/www.geolegadodeallankardec.com.br\/wp-content\/uploads\/2023\/10\/image-5-370x208.png 370w, https:\/\/www.geolegadodeallankardec.com.br\/wp-content\/uploads\/2023\/10\/image-5.png 1200w\" data-sizes=\"(max-width: 1024px) 100vw, 1024px\" src=\"data:image\/svg+xml;base64,PHN2ZyB3aWR0aD0iMSIgaGVpZ2h0PSIxIiB4bWxucz0iaHR0cDovL3d3dy53My5vcmcvMjAwMC9zdmciPjwvc3ZnPg==\" style=\"--smush-placeholder-width: 1024px; --smush-placeholder-aspect-ratio: 1024\/574;\" \/><\/a><\/figure>\n\n\n\n<h3 class=\"wp-block-heading\" id=\"h-estudo-do-livro-o-ceu-e-o-inferno-a-moral-espirita\"><strong>Study of the Book \u201cHeaven and Hell\u201d \u2013 Spiritist Moral<\/strong><\/h3>\n\n\n\n<figure class=\"wp-block-embed is-type-video is-provider-youtube wp-block-embed-youtube wp-embed-aspect-16-9 wp-has-aspect-ratio\"><div class=\"wp-block-embed__wrapper\">\n<iframe title=\"Study of the Book \u201cHeaven and Hell\u201d - Spiritist Moral\" width=\"640\" height=\"360\" data-src=\"https:\/\/www.youtube.com\/embed\/XZLWlxhG1wI?feature=oembed\" frameborder=\"0\" allow=\"accelerometer; autoplay; clipboard-write; encrypted-media; gyroscope; picture-in-picture; web-share\" referrerpolicy=\"strict-origin-when-cross-origin\" allowfullscreen src=\"data:image\/svg+xml;base64,PHN2ZyB3aWR0aD0iMSIgaGVpZ2h0PSIxIiB4bWxucz0iaHR0cDovL3d3dy53My5vcmcvMjAwMC9zdmciPjwvc3ZnPg==\" class=\"lazyload\" data-load-mode=\"1\"><\/iframe>\n<\/div><\/figure>\n<\/div>\n\n\n\n<div class=\"wp-block-column is-layout-flow wp-block-column-is-layout-flow\">\n<h3 class=\"wp-block-heading\" id=\"h-estudo-espiritualismo-racional-e-espiritismo\">Study: Rational Spiritualism and Spiritism<\/h3>\n\n\n\n<figure class=\"wp-block-embed is-type-video is-provider-youtube wp-block-embed-youtube wp-embed-aspect-16-9 wp-has-aspect-ratio\"><div class=\"wp-block-embed__wrapper\">\n<iframe title=\"Rational Spiritualism and Spiritism\" width=\"640\" height=\"360\" data-src=\"https:\/\/www.youtube.com\/embed\/0pfYfISGiQo?list=PLvl90b_bP1gsT6Xhp0b0s4ql45ZEghzyh\" frameborder=\"0\" allow=\"accelerometer; autoplay; clipboard-write; encrypted-media; gyroscope; picture-in-picture; web-share\" referrerpolicy=\"strict-origin-when-cross-origin\" allowfullscreen src=\"data:image\/svg+xml;base64,PHN2ZyB3aWR0aD0iMSIgaGVpZ2h0PSIxIiB4bWxucz0iaHR0cDovL3d3dy53My5vcmcvMjAwMC9zdmciPjwvc3ZnPg==\" class=\"lazyload\" data-load-mode=\"1\"><\/iframe>\n<\/div><\/figure>\n\n\n\n<h3 class=\"wp-block-heading\" id=\"h-a-forca-do-espiritismo-live-no-canal-zilda-gama\">The strength of Spiritism \u2013 Live on the Zilda Gama channel<\/h3>\n\n\n\n<figure class=\"wp-block-embed is-type-video is-provider-youtube wp-block-embed-youtube wp-embed-aspect-16-9 wp-has-aspect-ratio\"><div class=\"wp-block-embed__wrapper\">\n<iframe title=\"#198 ZILDA GAMA VIRTUAL ROOM\" width=\"640\" height=\"360\" data-src=\"https:\/\/www.youtube.com\/embed\/JvrWu_6N32c?feature=oembed\" frameborder=\"0\" allow=\"accelerometer; autoplay; clipboard-write; encrypted-media; gyroscope; picture-in-picture; web-share\" referrerpolicy=\"strict-origin-when-cross-origin\" allowfullscreen src=\"data:image\/svg+xml;base64,PHN2ZyB3aWR0aD0iMSIgaGVpZ2h0PSIxIiB4bWxucz0iaHR0cDovL3d3dy53My5vcmcvMjAwMC9zdmciPjwvc3ZnPg==\" class=\"lazyload\" data-load-mode=\"1\"><\/iframe>\n<\/div><\/figure>\n<\/div>\n<\/div>\n\n\n\n<h2 class=\"wp-block-heading has-text-align-center\" id=\"h-recomendacoes-de-estudos\"><strong>Our Articles<\/strong><\/h2>\n\n\n\n<div class=\"wp-block-query is-layout-flow wp-block-query-is-layout-flow\"><ul class=\"wp-block-post-template is-layout-flow wp-block-post-template-is-layout-flow\"><li class=\"wp-block-post post-9263 post type-post status-publish format-standard has-post-thumbnail hentry category-em-destaque\">\n\n<div class=\"wp-block-columns alignwide is-layout-flex wp-container-core-columns-is-layout-9d6595d7 wp-block-columns-is-layout-flex\">\n<div class=\"wp-block-column is-layout-flow wp-block-column-is-layout-flow\" style=\"flex-basis:66.66%\"><figure class=\"wp-block-post-featured-image\"><a href=\"https:\/\/www.geolegadodeallankardec.com.br\/en\/artigos\/em-destaque\/a-ciencia-do-invisivel-evidencias-metodo-e-a-seriedade-do-espiritismo\/\" target=\"_self\"  ><img decoding=\"async\" width=\"1200\" height=\"675\" data-src=\"https:\/\/www.geolegadodeallankardec.com.br\/wp-content\/uploads\/2026\/04\/A-Ciencia-do-Invisivel-Evidencias-Metodo-e-a-Seriedade-do-Espiritismo-scaled.webp\" class=\"attachment-post-thumbnail size-post-thumbnail wp-post-image lazyload\" alt=\"A Ci\u00eancia do Invis\u00edvel: Evid\u00eancias, M\u00e9todo e a Seriedade do Espiritismo\" style=\"--smush-placeholder-width: 1200px; --smush-placeholder-aspect-ratio: 1200\/675;object-fit:cover;\" data-srcset=\"https:\/\/www.geolegadodeallankardec.com.br\/wp-content\/uploads\/2026\/04\/A-Ciencia-do-Invisivel-Evidencias-Metodo-e-a-Seriedade-do-Espiritismo-scaled.webp 1200w, https:\/\/www.geolegadodeallankardec.com.br\/wp-content\/uploads\/2026\/04\/A-Ciencia-do-Invisivel-Evidencias-Metodo-e-a-Seriedade-do-Espiritismo-300x169.webp 300w, https:\/\/www.geolegadodeallankardec.com.br\/wp-content\/uploads\/2026\/04\/A-Ciencia-do-Invisivel-Evidencias-Metodo-e-a-Seriedade-do-Espiritismo-1024x576.webp 1024w, https:\/\/www.geolegadodeallankardec.com.br\/wp-content\/uploads\/2026\/04\/A-Ciencia-do-Invisivel-Evidencias-Metodo-e-a-Seriedade-do-Espiritismo-768x432.webp 768w, https:\/\/www.geolegadodeallankardec.com.br\/wp-content\/uploads\/2026\/04\/A-Ciencia-do-Invisivel-Evidencias-Metodo-e-a-Seriedade-do-Espiritismo-1536x864.webp 1536w, https:\/\/www.geolegadodeallankardec.com.br\/wp-content\/uploads\/2026\/04\/A-Ciencia-do-Invisivel-Evidencias-Metodo-e-a-Seriedade-do-Espiritismo-18x10.webp 18w, https:\/\/www.geolegadodeallankardec.com.br\/wp-content\/uploads\/2026\/04\/A-Ciencia-do-Invisivel-Evidencias-Metodo-e-a-Seriedade-do-Espiritismo-370x208.webp 370w\" data-sizes=\"(max-width: 1200px) 100vw, 1200px\" src=\"data:image\/svg+xml;base64,PHN2ZyB3aWR0aD0iMSIgaGVpZ2h0PSIxIiB4bWxucz0iaHR0cDovL3d3dy53My5vcmcvMjAwMC9zdmciPjwvc3ZnPg==\" \/><\/a><\/figure><\/div>\n\n\n\n<div class=\"wp-block-column is-layout-flow wp-block-column-is-layout-flow\" style=\"flex-basis:33.33%\"><h2 class=\"wp-block-post-title\"><a href=\"https:\/\/www.geolegadodeallankardec.com.br\/en\/artigos\/em-destaque\/a-ciencia-do-invisivel-evidencias-metodo-e-a-seriedade-do-espiritismo\/\" target=\"_self\" >A Ci\u00eancia do Invis\u00edvel: Evid\u00eancias, M\u00e9todo e a Seriedade do Espiritismo<\/a><\/h2>\n\n<div class=\"wp-block-post-excerpt\"><p class=\"wp-block-post-excerpt__excerpt\">Relato de uma investiga\u00e7\u00e3o c\u00e9tica que encontrou fundamentos inesperados Resumo Este artigo documenta a trajet\u00f3ria de um di\u00e1logo entre um c\u00e9tico familiarizado com o m\u00e9todo cient\u00edfico e um estudioso do Espiritismo kardeciano. Ao longo de sucessivas trocas, foram examinadas quest\u00f5es epistemol\u00f3gicas fundamentais: a possibilidade de estudar cientificamente fen\u00f4menos inobserv\u00e1veis, a validade de evid\u00eancias aned\u00f3ticas e&hellip; <\/p><\/div><\/div>\n<\/div>\n\n<\/li><li class=\"wp-block-post post-9259 post type-post status-publish format-standard has-post-thumbnail hentry category-em-destaque\">\n\n<div class=\"wp-block-columns alignwide is-layout-flex wp-container-core-columns-is-layout-9d6595d7 wp-block-columns-is-layout-flex\">\n<div class=\"wp-block-column is-layout-flow wp-block-column-is-layout-flow\" style=\"flex-basis:66.66%\"><figure class=\"wp-block-post-featured-image\"><a href=\"https:\/\/www.geolegadodeallankardec.com.br\/en\/artigos\/em-destaque\/colonias-espirituais-e-alegorias-um-contraponto-critico-a-interpretacao-de-paulo-neto\/\" target=\"_self\"  ><img decoding=\"async\" width=\"1200\" height=\"675\" data-src=\"https:\/\/www.geolegadodeallankardec.com.br\/wp-content\/uploads\/2026\/04\/file_00000000c89471f583543fc219b329ba.jpg\" class=\"attachment-post-thumbnail size-post-thumbnail wp-post-image lazyload\" alt=\"Col\u00f4nias Espirituais e Alegorias: Um Contraponto Cr\u00edtico \u00e0 Interpreta\u00e7\u00e3o de Paulo Neto\" style=\"--smush-placeholder-width: 1200px; --smush-placeholder-aspect-ratio: 1200\/675;object-fit:cover;\" data-srcset=\"https:\/\/www.geolegadodeallankardec.com.br\/wp-content\/uploads\/2026\/04\/file_00000000c89471f583543fc219b329ba.jpg 1200w, https:\/\/www.geolegadodeallankardec.com.br\/wp-content\/uploads\/2026\/04\/file_00000000c89471f583543fc219b329ba-300x169.jpg 300w, https:\/\/www.geolegadodeallankardec.com.br\/wp-content\/uploads\/2026\/04\/file_00000000c89471f583543fc219b329ba-1024x576.jpg 1024w, https:\/\/www.geolegadodeallankardec.com.br\/wp-content\/uploads\/2026\/04\/file_00000000c89471f583543fc219b329ba-768x432.jpg 768w, https:\/\/www.geolegadodeallankardec.com.br\/wp-content\/uploads\/2026\/04\/file_00000000c89471f583543fc219b329ba-18x10.jpg 18w, https:\/\/www.geolegadodeallankardec.com.br\/wp-content\/uploads\/2026\/04\/file_00000000c89471f583543fc219b329ba-370x208.jpg 370w\" data-sizes=\"(max-width: 1200px) 100vw, 1200px\" src=\"data:image\/svg+xml;base64,PHN2ZyB3aWR0aD0iMSIgaGVpZ2h0PSIxIiB4bWxucz0iaHR0cDovL3d3dy53My5vcmcvMjAwMC9zdmciPjwvc3ZnPg==\" \/><\/a><\/figure><\/div>\n\n\n\n<div class=\"wp-block-column is-layout-flow wp-block-column-is-layout-flow\" style=\"flex-basis:33.33%\"><h2 class=\"wp-block-post-title\"><a href=\"https:\/\/www.geolegadodeallankardec.com.br\/en\/artigos\/em-destaque\/colonias-espirituais-e-alegorias-um-contraponto-critico-a-interpretacao-de-paulo-neto\/\" target=\"_self\" >Col\u00f4nias Espirituais e Alegorias: Um Contraponto Cr\u00edtico \u00e0 Interpreta\u00e7\u00e3o de Paulo Neto<\/a><\/h2>\n\n<div class=\"wp-block-post-excerpt\"><p class=\"wp-block-post-excerpt__excerpt\">O estudo das col\u00f4nias espirituais tem despertado grande interesse no Movimento Esp\u00edrita contempor\u00e2neo, sobretudo a partir das obras de Andr\u00e9 Luiz e das interpreta\u00e7\u00f5es de m\u00e9diuns modernos. Paulo Neto, em seus textos, defende a exist\u00eancia de cidades e col\u00f4nias espirituais estruturadas, interpretando relatos medi\u00fanicos e textos da Codifica\u00e7\u00e3o como evid\u00eancia de constru\u00e7\u00f5es permanentes e habitadas&hellip; <\/p><\/div><\/div>\n<\/div>\n\n<\/li><li class=\"wp-block-post post-9256 post type-post status-publish format-standard has-post-thumbnail hentry category-em-destaque\">\n\n<div class=\"wp-block-columns alignwide is-layout-flex wp-container-core-columns-is-layout-9d6595d7 wp-block-columns-is-layout-flex\">\n<div class=\"wp-block-column is-layout-flow wp-block-column-is-layout-flow\" style=\"flex-basis:66.66%\"><figure class=\"wp-block-post-featured-image\"><a href=\"https:\/\/www.geolegadodeallankardec.com.br\/en\/artigos\/em-destaque\/kardec-e-o-paradigma-racial-do-seculo-xix\/\" target=\"_self\"  ><img decoding=\"async\" width=\"1200\" height=\"800\" data-src=\"https:\/\/www.geolegadodeallankardec.com.br\/wp-content\/uploads\/2026\/03\/file_000000002be8720e88fe135e1453e546.jpg\" class=\"attachment-post-thumbnail size-post-thumbnail wp-post-image lazyload\" alt=\"Kardec e o paradigma racial do s\u00e9culo XIX\" style=\"--smush-placeholder-width: 1200px; --smush-placeholder-aspect-ratio: 1200\/800;object-fit:cover;\" data-srcset=\"https:\/\/www.geolegadodeallankardec.com.br\/wp-content\/uploads\/2026\/03\/file_000000002be8720e88fe135e1453e546.jpg 1200w, https:\/\/www.geolegadodeallankardec.com.br\/wp-content\/uploads\/2026\/03\/file_000000002be8720e88fe135e1453e546-300x200.jpg 300w, https:\/\/www.geolegadodeallankardec.com.br\/wp-content\/uploads\/2026\/03\/file_000000002be8720e88fe135e1453e546-1024x683.jpg 1024w, https:\/\/www.geolegadodeallankardec.com.br\/wp-content\/uploads\/2026\/03\/file_000000002be8720e88fe135e1453e546-768x512.jpg 768w, https:\/\/www.geolegadodeallankardec.com.br\/wp-content\/uploads\/2026\/03\/file_000000002be8720e88fe135e1453e546-18x12.jpg 18w, https:\/\/www.geolegadodeallankardec.com.br\/wp-content\/uploads\/2026\/03\/file_000000002be8720e88fe135e1453e546-370x247.jpg 370w\" data-sizes=\"(max-width: 1200px) 100vw, 1200px\" src=\"data:image\/svg+xml;base64,PHN2ZyB3aWR0aD0iMSIgaGVpZ2h0PSIxIiB4bWxucz0iaHR0cDovL3d3dy53My5vcmcvMjAwMC9zdmciPjwvc3ZnPg==\" \/><\/a><\/figure><\/div>\n\n\n\n<div class=\"wp-block-column is-layout-flow wp-block-column-is-layout-flow\" style=\"flex-basis:33.33%\"><h2 class=\"wp-block-post-title\"><a href=\"https:\/\/www.geolegadodeallankardec.com.br\/en\/artigos\/em-destaque\/kardec-e-o-paradigma-racial-do-seculo-xix\/\" target=\"_self\" >Kardec e o paradigma racial do s\u00e9culo XIX<\/a><\/h2>\n\n<div class=\"wp-block-post-excerpt\"><p class=\"wp-block-post-excerpt__excerpt\">Kardec e o paradigma racial do s\u00e9culo XIX: entre a hegemonia cient\u00edfica e o contraponto estrutural Na metade do s\u00e9culo XIX, o pensamento cient\u00edfico europeu e norte-americano operava sob um paradigma amplamente difundido: a ideia de que a humanidade estava dividida em \u201cra\u00e7as\u201d hierarquizadas, com diferen\u00e7as naturais e permanentes de capacidade intelectual. Esse modelo n\u00e3o&hellip; <\/p><\/div><\/div>\n<\/div>\n\n<\/li><li class=\"wp-block-post post-9247 post type-post status-publish format-standard has-post-thumbnail hentry category-em-destaque\">\n\n<div class=\"wp-block-columns alignwide is-layout-flex wp-container-core-columns-is-layout-9d6595d7 wp-block-columns-is-layout-flex\">\n<div class=\"wp-block-column is-layout-flow wp-block-column-is-layout-flow\" style=\"flex-basis:66.66%\"><figure class=\"wp-block-post-featured-image\"><a href=\"https:\/\/www.geolegadodeallankardec.com.br\/en\/artigos\/em-destaque\/kardec-vs-feb-onde-foi-parar-o-guia-dos-evocadores\/\" target=\"_self\"  ><img decoding=\"async\" width=\"1200\" height=\"800\" data-src=\"https:\/\/www.geolegadodeallankardec.com.br\/wp-content\/uploads\/2026\/03\/b4fb5586-a8f5-461d-83db-8f8420d0749a.jpg\" class=\"attachment-post-thumbnail size-post-thumbnail wp-post-image lazyload\" alt=\"Kardec vs FEB: Where did the &quot;Guide for Evocators&quot; go?\" style=\"--smush-placeholder-width: 1200px; --smush-placeholder-aspect-ratio: 1200\/800;object-fit:cover;\" data-srcset=\"https:\/\/www.geolegadodeallankardec.com.br\/wp-content\/uploads\/2026\/03\/b4fb5586-a8f5-461d-83db-8f8420d0749a.jpg 1200w, https:\/\/www.geolegadodeallankardec.com.br\/wp-content\/uploads\/2026\/03\/b4fb5586-a8f5-461d-83db-8f8420d0749a-300x200.jpg 300w, https:\/\/www.geolegadodeallankardec.com.br\/wp-content\/uploads\/2026\/03\/b4fb5586-a8f5-461d-83db-8f8420d0749a-1024x683.jpg 1024w, https:\/\/www.geolegadodeallankardec.com.br\/wp-content\/uploads\/2026\/03\/b4fb5586-a8f5-461d-83db-8f8420d0749a-768x512.jpg 768w, https:\/\/www.geolegadodeallankardec.com.br\/wp-content\/uploads\/2026\/03\/b4fb5586-a8f5-461d-83db-8f8420d0749a-18x12.jpg 18w, https:\/\/www.geolegadodeallankardec.com.br\/wp-content\/uploads\/2026\/03\/b4fb5586-a8f5-461d-83db-8f8420d0749a-370x247.jpg 370w\" data-sizes=\"(max-width: 1200px) 100vw, 1200px\" src=\"data:image\/svg+xml;base64,PHN2ZyB3aWR0aD0iMSIgaGVpZ2h0PSIxIiB4bWxucz0iaHR0cDovL3d3dy53My5vcmcvMjAwMC9zdmciPjwvc3ZnPg==\" \/><\/a><\/figure><\/div>\n\n\n\n<div class=\"wp-block-column is-layout-flow wp-block-column-is-layout-flow\" style=\"flex-basis:33.33%\"><h2 class=\"wp-block-post-title\"><a href=\"https:\/\/www.geolegadodeallankardec.com.br\/en\/artigos\/em-destaque\/kardec-vs-feb-onde-foi-parar-o-guia-dos-evocadores\/\" target=\"_self\" >Kardec vs FEB: Where did the &quot;Guide for Evocators&quot; go?<\/a><\/h2>\n\n<div class=\"wp-block-post-excerpt\"><p class=\"wp-block-post-excerpt__excerpt\">Anyone opening the frontispiece of one of the fundamental works of Spiritism will read the following title: \u201cThe Book of Mediums or Guide for Mediums and Evocators.\u201d Note that the word \u201cEvocators\u201d is not there by chance; it defines the very nature of the mediumistic exchange established by Allan Kardec. However, when we analyze modern teaching manuals\u2026 <\/p><\/div><\/div>\n<\/div>\n\n<\/li><li class=\"wp-block-post post-9217 post type-post status-publish format-standard has-post-thumbnail hentry category-em-destaque\">\n\n<div class=\"wp-block-columns alignwide is-layout-flex wp-container-core-columns-is-layout-9d6595d7 wp-block-columns-is-layout-flex\">\n<div class=\"wp-block-column is-layout-flow wp-block-column-is-layout-flow\" style=\"flex-basis:66.66%\"><figure class=\"wp-block-post-featured-image\"><a href=\"https:\/\/www.geolegadodeallankardec.com.br\/en\/artigos\/em-destaque\/e-cansativo\/\" target=\"_self\"  ><img decoding=\"async\" width=\"800\" height=\"533\" data-src=\"https:\/\/www.geolegadodeallankardec.com.br\/wp-content\/uploads\/2026\/01\/kardec-cansado.jpg\" class=\"attachment-post-thumbnail size-post-thumbnail wp-post-image lazyload\" alt=\"It&#039;s tiring.\" style=\"--smush-placeholder-width: 800px; --smush-placeholder-aspect-ratio: 800\/533;object-fit:cover;\" data-srcset=\"https:\/\/www.geolegadodeallankardec.com.br\/wp-content\/uploads\/2026\/01\/kardec-cansado.jpg 800w, https:\/\/www.geolegadodeallankardec.com.br\/wp-content\/uploads\/2026\/01\/kardec-cansado-300x200.jpg 300w, https:\/\/www.geolegadodeallankardec.com.br\/wp-content\/uploads\/2026\/01\/kardec-cansado-768x512.jpg 768w, https:\/\/www.geolegadodeallankardec.com.br\/wp-content\/uploads\/2026\/01\/kardec-cansado-18x12.jpg 18w, https:\/\/www.geolegadodeallankardec.com.br\/wp-content\/uploads\/2026\/01\/kardec-cansado-370x247.jpg 370w\" data-sizes=\"(max-width: 800px) 100vw, 800px\" src=\"data:image\/svg+xml;base64,PHN2ZyB3aWR0aD0iMSIgaGVpZ2h0PSIxIiB4bWxucz0iaHR0cDovL3d3dy53My5vcmcvMjAwMC9zdmciPjwvc3ZnPg==\" \/><\/a><\/figure><\/div>\n\n\n\n<div class=\"wp-block-column is-layout-flow wp-block-column-is-layout-flow\" style=\"flex-basis:33.33%\"><h2 class=\"wp-block-post-title\"><a href=\"https:\/\/www.geolegadodeallankardec.com.br\/en\/artigos\/em-destaque\/e-cansativo\/\" target=\"_self\" >It&#039;s tiring.<\/a><\/h2>\n\n<div class=\"wp-block-post-excerpt\"><p class=\"wp-block-post-excerpt__excerpt\">It&#039;s exhausting. Everywhere, countless people start talking about &quot;spiritism&quot; without bothering to first learn about it, showing more willingness to opine than to study. But that&#039;s not the worst part, since &quot;the force of circumstances&quot; has created this state of almost complete ignorance. No: the worst part\u2026 <\/p><\/div><\/div>\n<\/div>\n\n<\/li><li class=\"wp-block-post post-9209 post type-post status-publish format-standard has-post-thumbnail hentry category-em-destaque\">\n\n<div class=\"wp-block-columns alignwide is-layout-flex wp-container-core-columns-is-layout-9d6595d7 wp-block-columns-is-layout-flex\">\n<div class=\"wp-block-column is-layout-flow wp-block-column-is-layout-flow\" style=\"flex-basis:66.66%\"><figure class=\"wp-block-post-featured-image\"><a href=\"https:\/\/www.geolegadodeallankardec.com.br\/en\/artigos\/em-destaque\/porque-evocamos-allan-kardec\/\" target=\"_self\"  ><img decoding=\"async\" width=\"766\" height=\"514\" data-src=\"https:\/\/www.geolegadodeallankardec.com.br\/wp-content\/uploads\/2021\/09\/20210428193857_kardec-nota.jpg\" class=\"attachment-post-thumbnail size-post-thumbnail wp-post-image lazyload\" alt=\"Why do we evoke Allan Kardec?\" style=\"--smush-placeholder-width: 766px; --smush-placeholder-aspect-ratio: 766\/514;object-fit:cover;\" data-srcset=\"https:\/\/www.geolegadodeallankardec.com.br\/wp-content\/uploads\/2021\/09\/20210428193857_kardec-nota.jpg 766w, https:\/\/www.geolegadodeallankardec.com.br\/wp-content\/uploads\/2021\/09\/20210428193857_kardec-nota-300x201.jpg 300w\" data-sizes=\"(max-width: 766px) 100vw, 766px\" src=\"data:image\/svg+xml;base64,PHN2ZyB3aWR0aD0iMSIgaGVpZ2h0PSIxIiB4bWxucz0iaHR0cDovL3d3dy53My5vcmcvMjAwMC9zdmciPjwvc3ZnPg==\" \/><\/a><\/figure><\/div>\n\n\n\n<div class=\"wp-block-column is-layout-flow wp-block-column-is-layout-flow\" style=\"flex-basis:33.33%\"><h2 class=\"wp-block-post-title\"><a href=\"https:\/\/www.geolegadodeallankardec.com.br\/en\/artigos\/em-destaque\/porque-evocamos-allan-kardec\/\" target=\"_self\" >Why do we evoke Allan Kardec?<\/a><\/h2>\n\n<div class=\"wp-block-post-excerpt\"><p class=\"wp-block-post-excerpt__excerpt\">If you are not already aware, recently, after the maturation of our mediumistic group, always carrying out a critical examination of mediumistic communications, we felt that the moment was right and, with the most serious motivation possible, we sought general guidance from the Spirit of Allan Kardec, knowing, as he himself asserted, that: All Spirits can be evoked: the\u2026 <\/p><\/div><\/div>\n<\/div>\n\n<\/li><li class=\"wp-block-post post-9200 post type-post status-publish format-standard has-post-thumbnail hentry category-em-destaque\">\n\n<div class=\"wp-block-columns alignwide is-layout-flex wp-container-core-columns-is-layout-9d6595d7 wp-block-columns-is-layout-flex\">\n<div class=\"wp-block-column is-layout-flow wp-block-column-is-layout-flow\" style=\"flex-basis:66.66%\"><figure class=\"wp-block-post-featured-image\"><a href=\"https:\/\/www.geolegadodeallankardec.com.br\/en\/artigos\/em-destaque\/comunicacoes-espontaneas-allan-kardec\/\" target=\"_self\"  ><img decoding=\"async\" width=\"1200\" height=\"675\" data-src=\"https:\/\/www.geolegadodeallankardec.com.br\/wp-content\/uploads\/2021\/10\/espiritismo-nao-e-religiao.jpg\" class=\"attachment-post-thumbnail size-post-thumbnail wp-post-image lazyload\" alt=\"Spontaneous Communications \u2013 Allan Kardec\" style=\"--smush-placeholder-width: 1200px; --smush-placeholder-aspect-ratio: 1200\/675;object-fit:cover;\" data-srcset=\"https:\/\/www.geolegadodeallankardec.com.br\/wp-content\/uploads\/2021\/10\/espiritismo-nao-e-religiao.jpg 1200w, https:\/\/www.geolegadodeallankardec.com.br\/wp-content\/uploads\/2021\/10\/espiritismo-nao-e-religiao-300x169.jpg 300w, https:\/\/www.geolegadodeallankardec.com.br\/wp-content\/uploads\/2021\/10\/espiritismo-nao-e-religiao-1024x576.jpg 1024w, https:\/\/www.geolegadodeallankardec.com.br\/wp-content\/uploads\/2021\/10\/espiritismo-nao-e-religiao-768x432.jpg 768w, https:\/\/www.geolegadodeallankardec.com.br\/wp-content\/uploads\/2021\/10\/espiritismo-nao-e-religiao-18x10.jpg 18w, https:\/\/www.geolegadodeallankardec.com.br\/wp-content\/uploads\/2021\/10\/espiritismo-nao-e-religiao-370x208.jpg 370w\" data-sizes=\"(max-width: 1200px) 100vw, 1200px\" src=\"data:image\/svg+xml;base64,PHN2ZyB3aWR0aD0iMSIgaGVpZ2h0PSIxIiB4bWxucz0iaHR0cDovL3d3dy53My5vcmcvMjAwMC9zdmciPjwvc3ZnPg==\" \/><\/a><\/figure><\/div>\n\n\n\n<div class=\"wp-block-column is-layout-flow wp-block-column-is-layout-flow\" style=\"flex-basis:33.33%\"><h2 class=\"wp-block-post-title\"><a href=\"https:\/\/www.geolegadodeallankardec.com.br\/en\/artigos\/em-destaque\/comunicacoes-espontaneas-allan-kardec\/\" target=\"_self\" >Spontaneous Communications \u2013 Allan Kardec<\/a><\/h2>\n\n<div class=\"wp-block-post-excerpt\"><p class=\"wp-block-post-excerpt__excerpt\">In our last mediumistic study meeting, after several evocations, we decided, seriously and confidently, and feeling that it was an opportune moment, to seek some guidance, albeit indirectly, from the Spirit of Allan Kardec, the codifier of Spiritism. The medium, in psychophony, after a few moments of concentration, begins to speak, in a quite different way, [\u2026] <\/p><\/div><\/div>\n<\/div>\n\n<\/li><li class=\"wp-block-post post-9191 post type-post status-publish format-standard has-post-thumbnail hentry category-em-destaque\">\n\n<div class=\"wp-block-columns alignwide is-layout-flex wp-container-core-columns-is-layout-9d6595d7 wp-block-columns-is-layout-flex\">\n<div class=\"wp-block-column is-layout-flow wp-block-column-is-layout-flow\" style=\"flex-basis:66.66%\"><figure class=\"wp-block-post-featured-image\"><a href=\"https:\/\/www.geolegadodeallankardec.com.br\/en\/artigos\/em-destaque\/apometria-e-espiritismo-uma-leitura-critica-das-incompatibilidades-estruturais\/\" target=\"_self\"  ><img decoding=\"async\" width=\"1200\" height=\"675\" data-src=\"https:\/\/www.geolegadodeallankardec.com.br\/wp-content\/uploads\/2024\/10\/Kardec-critica-espirito.jpg\" class=\"attachment-post-thumbnail size-post-thumbnail wp-post-image lazyload\" alt=\"Apometry and Spiritism: a critical reading of their structural incompatibilities.\" style=\"--smush-placeholder-width: 1200px; --smush-placeholder-aspect-ratio: 1200\/675;object-fit:cover;\" data-srcset=\"https:\/\/www.geolegadodeallankardec.com.br\/wp-content\/uploads\/2024\/10\/Kardec-critica-espirito.jpg 1200w, https:\/\/www.geolegadodeallankardec.com.br\/wp-content\/uploads\/2024\/10\/Kardec-critica-espirito-300x169.jpg 300w, https:\/\/www.geolegadodeallankardec.com.br\/wp-content\/uploads\/2024\/10\/Kardec-critica-espirito-1024x576.jpg 1024w, https:\/\/www.geolegadodeallankardec.com.br\/wp-content\/uploads\/2024\/10\/Kardec-critica-espirito-768x432.jpg 768w, https:\/\/www.geolegadodeallankardec.com.br\/wp-content\/uploads\/2024\/10\/Kardec-critica-espirito-18x10.jpg 18w, https:\/\/www.geolegadodeallankardec.com.br\/wp-content\/uploads\/2024\/10\/Kardec-critica-espirito-370x208.jpg 370w\" data-sizes=\"(max-width: 1200px) 100vw, 1200px\" src=\"data:image\/svg+xml;base64,PHN2ZyB3aWR0aD0iMSIgaGVpZ2h0PSIxIiB4bWxucz0iaHR0cDovL3d3dy53My5vcmcvMjAwMC9zdmciPjwvc3ZnPg==\" \/><\/a><\/figure><\/div>\n\n\n\n<div class=\"wp-block-column is-layout-flow wp-block-column-is-layout-flow\" style=\"flex-basis:33.33%\"><h2 class=\"wp-block-post-title\"><a href=\"https:\/\/www.geolegadodeallankardec.com.br\/en\/artigos\/em-destaque\/apometria-e-espiritismo-uma-leitura-critica-das-incompatibilidades-estruturais\/\" target=\"_self\" >Apometry and Spiritism: a critical reading of their structural incompatibilities.<\/a><\/h2>\n\n<div class=\"wp-block-post-excerpt\"><p class=\"wp-block-post-excerpt__excerpt\">The distance between Apometry and Spiritism does not appear on the margins, but at the very core of each proposal. When we closely examine the apometric system attributed to Jos\u00e9 Lacerda de Azevedo and compare it with the doctrinal principles consolidated in the works of Allan Kardec \u2014 The Spirits&#039; Book, The Mediums&#039; Book, Genesis,\u2026 <\/p><\/div><\/div>\n<\/div>\n\n<\/li><li class=\"wp-block-post post-9184 post type-post status-publish format-standard has-post-thumbnail hentry category-em-destaque\">\n\n<div class=\"wp-block-columns alignwide is-layout-flex wp-container-core-columns-is-layout-9d6595d7 wp-block-columns-is-layout-flex\">\n<div class=\"wp-block-column is-layout-flow wp-block-column-is-layout-flow\" style=\"flex-basis:66.66%\"><figure class=\"wp-block-post-featured-image\"><a href=\"https:\/\/www.geolegadodeallankardec.com.br\/en\/artigos\/em-destaque\/a-questao-da-identidade-dos-espiritos\/\" target=\"_self\"  ><img decoding=\"async\" width=\"1200\" height=\"675\" data-src=\"https:\/\/www.geolegadodeallankardec.com.br\/wp-content\/uploads\/2023\/10\/Untitled-4.jpeg\" class=\"attachment-post-thumbnail size-post-thumbnail wp-post-image lazyload\" alt=\"The question of the identity of Spirits\" style=\"--smush-placeholder-width: 1200px; --smush-placeholder-aspect-ratio: 1200\/675;object-fit:cover;\" data-srcset=\"https:\/\/www.geolegadodeallankardec.com.br\/wp-content\/uploads\/2023\/10\/Untitled-4.jpeg 1200w, https:\/\/www.geolegadodeallankardec.com.br\/wp-content\/uploads\/2023\/10\/Untitled-4-300x169.jpeg 300w, https:\/\/www.geolegadodeallankardec.com.br\/wp-content\/uploads\/2023\/10\/Untitled-4-1024x576.jpeg 1024w, https:\/\/www.geolegadodeallankardec.com.br\/wp-content\/uploads\/2023\/10\/Untitled-4-768x432.jpeg 768w, https:\/\/www.geolegadodeallankardec.com.br\/wp-content\/uploads\/2023\/10\/Untitled-4-18x10.jpeg 18w, https:\/\/www.geolegadodeallankardec.com.br\/wp-content\/uploads\/2023\/10\/Untitled-4-370x208.jpeg 370w\" data-sizes=\"(max-width: 1200px) 100vw, 1200px\" src=\"data:image\/svg+xml;base64,PHN2ZyB3aWR0aD0iMSIgaGVpZ2h0PSIxIiB4bWxucz0iaHR0cDovL3d3dy53My5vcmcvMjAwMC9zdmciPjwvc3ZnPg==\" \/><\/a><\/figure><\/div>\n\n\n\n<div class=\"wp-block-column is-layout-flow wp-block-column-is-layout-flow\" style=\"flex-basis:33.33%\"><h2 class=\"wp-block-post-title\"><a href=\"https:\/\/www.geolegadodeallankardec.com.br\/en\/artigos\/em-destaque\/a-questao-da-identidade-dos-espiritos\/\" target=\"_self\" >The question of the identity of Spirits<\/a><\/h2>\n\n<div class=\"wp-block-post-excerpt\"><p class=\"wp-block-post-excerpt__excerpt\">This question was formulated in response to a message attributed to Allan Kardec in the introduction to the book &quot;Spiritism is the Work of Jesus,&quot; by Paulo Henrique de Figueiredo and other authors: &quot;Follow the path I have walked. Yes, there was pain, fear, setbacks, and obstacles. But nothing stopped me; even more: they encouraged me and\u2026&quot; <\/p><\/div><\/div>\n<\/div>\n\n<\/li><li class=\"wp-block-post post-9172 post type-post status-publish format-standard has-post-thumbnail hentry category-comunicacoes-de-alem-tumulo category-em-destaque category-estudo-aprofundado-do-espiritismo tag-allan-kardec tag-espiritos tag-evocacoes tag-grupo-de-estudos tag-grupos-de-estudos tag-kardec tag-mediunidade tag-revista-espirita\">\n\n<div class=\"wp-block-columns alignwide is-layout-flex wp-container-core-columns-is-layout-9d6595d7 wp-block-columns-is-layout-flex\">\n<div class=\"wp-block-column is-layout-flow wp-block-column-is-layout-flow\" style=\"flex-basis:66.66%\"><figure class=\"wp-block-post-featured-image\"><a href=\"https:\/\/www.geolegadodeallankardec.com.br\/en\/artigos\/comunicacoes-de-alem-tumulo\/analise-de-comunicacao-mediunica-a-metodologia-espirita-fe-provas-e-o-estudo-em-grupo\/\" target=\"_self\"  ><img decoding=\"async\" width=\"1024\" height=\"1024\" data-src=\"https:\/\/www.geolegadodeallankardec.com.br\/wp-content\/uploads\/2025\/11\/Gemini_Generated_Image_13qjie13qjie13qj.png\" class=\"attachment-post-thumbnail size-post-thumbnail wp-post-image lazyload\" alt=\"Analysis of Mediumistic Communication \u2013 The Spiritist Methodology: Faith, Evidence, and Group Study\" style=\"--smush-placeholder-width: 1024px; --smush-placeholder-aspect-ratio: 1024\/1024;object-fit:cover;\" data-srcset=\"https:\/\/www.geolegadodeallankardec.com.br\/wp-content\/uploads\/2025\/11\/Gemini_Generated_Image_13qjie13qjie13qj.png 1024w, https:\/\/www.geolegadodeallankardec.com.br\/wp-content\/uploads\/2025\/11\/Gemini_Generated_Image_13qjie13qjie13qj-300x300.png 300w, https:\/\/www.geolegadodeallankardec.com.br\/wp-content\/uploads\/2025\/11\/Gemini_Generated_Image_13qjie13qjie13qj-150x150.png 150w, https:\/\/www.geolegadodeallankardec.com.br\/wp-content\/uploads\/2025\/11\/Gemini_Generated_Image_13qjie13qjie13qj-768x768.png 768w, https:\/\/www.geolegadodeallankardec.com.br\/wp-content\/uploads\/2025\/11\/Gemini_Generated_Image_13qjie13qjie13qj-12x12.png 12w, https:\/\/www.geolegadodeallankardec.com.br\/wp-content\/uploads\/2025\/11\/Gemini_Generated_Image_13qjie13qjie13qj-250x250.png 250w\" data-sizes=\"(max-width: 1024px) 100vw, 1024px\" src=\"data:image\/svg+xml;base64,PHN2ZyB3aWR0aD0iMSIgaGVpZ2h0PSIxIiB4bWxucz0iaHR0cDovL3d3dy53My5vcmcvMjAwMC9zdmciPjwvc3ZnPg==\" \/><\/a><\/figure><\/div>\n\n\n\n<div class=\"wp-block-column is-layout-flow wp-block-column-is-layout-flow\" style=\"flex-basis:33.33%\"><h2 class=\"wp-block-post-title\"><a href=\"https:\/\/www.geolegadodeallankardec.com.br\/en\/artigos\/comunicacoes-de-alem-tumulo\/analise-de-comunicacao-mediunica-a-metodologia-espirita-fe-provas-e-o-estudo-em-grupo\/\" target=\"_self\" >Analysis of Mediumistic Communication \u2013 The Spiritist Methodology: Faith, Evidence, and Group Study<\/a><\/h2>\n\n<div class=\"wp-block-post-excerpt\"><p class=\"wp-block-post-excerpt__excerpt\">Today we bring you another analysis of mediumistic communication. The focus is always on highlighting the logical characteristics of the messages through the body of the message, point-by-point analysis, and conclusions. In November 2025, during one of our mediumistic meetings, one of the mediums received the following spontaneous psychographic communication from a Spirit: There was a\u2026 <\/p><\/div><\/div>\n<\/div>\n\n<\/li><\/ul><\/div>\n\n\n\n<div class=\"wp-block-buttons is-content-justification-center is-layout-flex wp-container-core-buttons-is-layout-16018d1d wp-block-buttons-is-layout-flex\">\n<div class=\"wp-block-button is-style-fill\"><a class=\"wp-block-button__link has-ast-global-color-7-color has-luminous-vivid-amber-background-color has-text-color has-background has-text-align-center wp-element-button\" href=\"https:\/\/www.geolegadodeallankardec.com.br\/en\/articles-2\/\">See all articles<\/a><\/div>\n<\/div>\n\n\n\n<hr class=\"wp-block-separator has-alpha-channel-opacity is-style-dots\"\/>\n\n\n\n<div class=\"wp-block-columns has-background is-layout-flex wp-container-core-columns-is-layout-9d6595d7 wp-block-columns-is-layout-flex\" style=\"background-color:#f3f8f1\">\n<div class=\"wp-block-column is-layout-flow wp-block-column-is-layout-flow\">\n<h2 class=\"wp-block-heading\" id=\"h-obras-originais-nao-adulteradas-de-kardec-para-download-o-ceu-e-o-inferno-e-a-genese\">Original (unadulterated) works by Kardec for download: <strong>Heaven and hell<\/strong> and <strong>The Genesis<\/strong><\/h2>\n\n\n\n<div class=\"wp-block-columns is-layout-flex wp-container-core-columns-is-layout-9d6595d7 wp-block-columns-is-layout-flex\">\n<div class=\"wp-block-column has-black-color has-text-color has-link-color wp-elements-776cbf603efdcc1eb85cc0d10cf60ea2 is-layout-flow wp-block-column-is-layout-flow\">\n<p class=\"has-black-color has-text-color has-link-color wp-elements-0b1e44b06089d049649956e81161737d\"><strong>Download for free<\/strong> the book Heaven and Hell, by FEAL (original, unadulterated edition): <a href=\"https:\/\/bit.ly\/3vVYQhu\" target=\"_blank\" rel=\"noreferrer noopener\">https:\/\/bit.ly\/3vVYQhu<\/a><\/p>\n<\/div>\n\n\n\n<div class=\"wp-block-column is-layout-flow wp-block-column-is-layout-flow\">\n<p class=\"has-black-color has-text-color has-link-color wp-elements-13602bf15901a7d2f7491382ef25158f\"><strong>Download for free<\/strong> the book A G\u00eanesis, from the publisher FEAL (original, unadulterated edition): <a href=\"https:\/\/bit.ly\/3SuJFVG\" target=\"_blank\" rel=\"noreferrer noopener\">bit.ly\/3SuJFVG<\/a><\/p>\n<\/div>\n<\/div>\n<\/div>\n<\/div>\n\n\n\n<div class=\"wp-block-buttons is-horizontal is-content-justification-center is-layout-flex wp-container-core-buttons-is-layout-499968f5 wp-block-buttons-is-layout-flex\">\n<div class=\"wp-block-button has-custom-width wp-block-button__width-50\"><a class=\"wp-block-button__link has-text-color has-background wp-element-button\" href=\"https:\/\/www.geolegadodeallankardec.com.br\/en\/contact\/\" style=\"border-radius:50px;color:#ffffff;background-color:#000000\" target=\"_blank\" rel=\"noreferrer noopener\">Contact<\/a><\/div>\n<\/div>\n\n\n\n<p><\/p>\n\n\n\n<h2 class=\"wp-block-heading\" id=\"h-indicacoes-de-leitura-livros\">Reading Recommendations (Books)<\/h2>\n\n\n\n<ul class=\"wp-block-list\">\n<li>Free PDFs by Kardec \u2013 <a href=\"https:\/\/bit.ly\/3sXXBxk\" target=\"_blank\" rel=\"noreferrer noopener\">https:\/\/bit.ly\/3sXXBxk<\/a><\/li>\n\n\n\n<li>Autonomy \u2013 The Untold History of Spiritism: <a href=\"https:\/\/amzn.to\/3PIvbyy\">https:\/\/amzn.to\/3PIvbyy<\/a> \u2013 also available for download at <a href=\"https:\/\/www.ebookespirita.org\/Autonomia%20(Paulo%20Herinque%20de%20Figueredo).pdf\" target=\"_blank\" rel=\"noreferrer noopener\">https:\/\/www.ebookespirita.org\/Autonomia%20(Paulo%20Herinque%20de%20Figueredo).pdf<\/a><\/li>\n\n\n\n<li>Allan Kardec&#039;s Legacy: <a href=\"https:\/\/amzn.to\/3RIn2gv\">https:\/\/amzn.to\/3RIn2gv<\/a><\/li>\n\n\n\n<li>Final point \u2013 the reunion with spiritualism with Allan Kardec: <a href=\"https:\/\/amzn.to\/48PLaE7\">https:\/\/amzn.to\/48PLaE7<\/a><\/li>\n\n\n\n<li>Neither Heaven nor Hell \u2013 The Laws of the Soul According to Spiritism: <a href=\"https:\/\/amzn.to\/3F2voYO\">https:\/\/amzn.to\/3F2voYO<\/a><\/li>\n\n\n\n<li>Genesis \u2013 Miracles and Predictions According to Spiritism (unadulterated): <a href=\"https:\/\/bit.ly\/3SuJFVG\">Free PDF<\/a> or <a href=\"https:\/\/amzn.to\/3RM91hF\">https:\/\/amzn.to\/3RM91hF<\/a><\/li>\n\n\n\n<li>Heaven and Hell: Or divine justice according to Spiritism (unadulterated): <a href=\"https:\/\/bit.ly\/3vVYQhu\">Free PDF<\/a> or <a href=\"https:\/\/amzn.to\/3ZGrcal\">https:\/\/amzn.to\/3ZGrcal<\/a><\/li>\n\n\n\n<li>Spiritist Revolution. Allan Kardec&#039;s forgotten theory: <a href=\"https:\/\/amzn.to\/3t7HIUH\">https:\/\/amzn.to\/3t7HIUH<\/a><\/li>\n\n\n\n<li>Mesmer. The denied science of animal magnetism: <a href=\"https:\/\/amzn.to\/3PYc1X2\">https:\/\/amzn.to\/3PYc1X2<\/a><\/li>\n\n\n\n<li>The Book of Mediums: <a href=\"https:\/\/amzn.to\/3PDNTHK\">https:\/\/amzn.to\/3PDNTHK<\/a><\/li>\n\n\n\n<li>The Spirits&#039; Book: <a href=\"https:\/\/amzn.to\/3QkcFx9\">https:\/\/amzn.to\/3QkcFx9<\/a><\/li>\n\n\n\n<li>Spiritist Magazine \u2013 complete collection: <a href=\"https:\/\/amzn.to\/48Uxh7s\">https:\/\/amzn.to\/48Uxh7s<\/a><\/li>\n\n\n\n<li>Practical Instructions on Spiritist Manifestations: <a href=\"https:\/\/amzn.to\/3QiR8Gc\">https:\/\/amzn.to\/3QiR8Gc<\/a><\/li>\n\n\n\n<li>Spiritism in its Simplest Expression: <a href=\"https:\/\/amzn.to\/3M6fXT5\">https:\/\/amzn.to\/3M6fXT5<\/a><\/li>\n<\/ul>\n\n\n\n<div style=\"height:64px\" aria-hidden=\"true\" class=\"wp-block-spacer\"><\/div>\n\n\n\n<hr class=\"wp-block-separator has-alpha-channel-opacity\"\/>\n<\/div><\/div>\n\n\n\n<div style=\"height:31px\" aria-hidden=\"true\" class=\"wp-block-spacer\"><\/div>\n\n\n\n<h2 class=\"wp-block-heading\" id=\"h-o-legado-de-allan-kardec\">Allan Kardec's Legacy<\/h2>\n\n\n\n<p>The name given to this group \u2013 Allan Kardec&#039;s Legacy Study Group \u2013 was inspired by the work of the same name, by Simoni Privato, who, carrying out field research, collected numerous proofs and evidence of the deviation made, after the Professor&#039;s death, in Spiritism and in his work, Genesis.<\/p>\n\n\n\n<p>For having been such a well-founded and dedicated work, our thanks and tribute to her through this initiative.<\/p>\n\n\n\n<div class=\"wp-block-media-text is-stacked-on-mobile\"><figure class=\"wp-block-media-text__media\"><img decoding=\"async\" width=\"695\" height=\"695\" data-src=\"https:\/\/www.geolegadodeallankardec.com.br\/wp-content\/uploads\/2021\/08\/cropped-allan-kardec-2.png\" alt=\"\" class=\"wp-image-6 size-full lazyload\" data-srcset=\"https:\/\/www.geolegadodeallankardec.com.br\/wp-content\/uploads\/2021\/08\/cropped-allan-kardec-2.png 695w, https:\/\/www.geolegadodeallankardec.com.br\/wp-content\/uploads\/2021\/08\/cropped-allan-kardec-2-300x300.png 300w, https:\/\/www.geolegadodeallankardec.com.br\/wp-content\/uploads\/2021\/08\/cropped-allan-kardec-2-150x150.png 150w\" data-sizes=\"(max-width: 695px) 100vw, 695px\" src=\"data:image\/svg+xml;base64,PHN2ZyB3aWR0aD0iMSIgaGVpZ2h0PSIxIiB4bWxucz0iaHR0cDovL3d3dy53My5vcmcvMjAwMC9zdmciPjwvc3ZnPg==\" style=\"--smush-placeholder-width: 695px; --smush-placeholder-aspect-ratio: 695\/695;\" \/><\/figure><div class=\"wp-block-media-text__content\">\n<blockquote class=\"wp-block-quote is-layout-flow wp-block-quote-is-layout-flow\">\n<p class=\"translation-block\"><em><strong>General concordance in teaching is the doctrine\u2019s essential character<\/strong>, the condition even of its existence. It is evident that <strong>all principles which have not received the consecration of general agreement can only be considered as a fractional part of this same doctrine<\/strong>, merely as a simple, isolated opinion for which Spiritism cannot assume the responsibility.<\/em><\/p>\n\n\n\n<p class=\"translation-block\"><em>It is the concordant, collective teaching of the spirits who have passed beyond which constitutes the logical criterion, giving strength to the spiritual doctrine and assuring to it\u00a0<strong>perpetuity<\/strong>.<\/em><\/p>\n<cite>Allan Kardec \u2013 Genesis<\/cite><\/blockquote>\n<\/div><\/div>","protected":false},"excerpt":{"rendered":"<p>O livro que todos precisam ler: Clique aqui para comprar, apoiando nosso projeto. Eu quero: Recomenda\u00e7\u00f5es de Estudos Autonomia, a Verdadeira Ideia Esp\u00edrita \u2014 Paulo Henrique de Figueiredo O Bem e o Mal, Castigos e Recompensas, Sombra e Luz Allan Kardec e a revolu\u00e7\u00e3o moral da humanidade Estudo do Livro \u201cO c\u00e9u e o Inferno\u201d [&hellip;]<\/p>\n","protected":false},"author":34,"featured_media":8447,"parent":0,"menu_order":0,"comment_status":"closed","ping_status":"closed","template":"","meta":{"footnotes":""},"class_list":["post-68","page","type-page","status-publish","has-post-thumbnail","hentry"],"yoast_head":"<!-- This site is optimized with the Yoast SEO Premium plugin v21.1 (Yoast SEO v27.4) - https:\/\/yoast.com\/product\/yoast-seo-premium-wordpress\/ -->\n<title>Grupo de Estudos O Legado de Allan Kardec - Grupo de Estudos O Legado de Allan Kardec<\/title>\n<meta name=\"description\" content=\"Allan Kardec fez muito pelo Espiritismo, mas a Doutrina foi esquecida ap\u00f3s sua morte. Nosso prop\u00f3sito \u00e9 fazer parte da recupera\u00e7\u00e3o.\" \/>\n<meta name=\"robots\" content=\"index, follow, max-snippet:-1, max-image-preview:large, max-video-preview:-1\" \/>\n<link rel=\"canonical\" href=\"https:\/\/www.geolegadodeallankardec.com.br\/en\/\" \/>\n<meta property=\"og:locale\" content=\"en_US\" \/>\n<meta property=\"og:type\" content=\"article\" \/>\n<meta property=\"og:title\" content=\"Grupo de Estudos O Legado de Allan Kardec\" \/>\n<meta property=\"og:description\" content=\"Allan Kardec fez muito pelo Espiritismo, mas a Doutrina foi esquecida ap\u00f3s sua morte. Nosso prop\u00f3sito \u00e9 fazer parte da recupera\u00e7\u00e3o.\" \/>\n<meta property=\"og:url\" content=\"https:\/\/www.geolegadodeallankardec.com.br\/en\/\" \/>\n<meta property=\"og:site_name\" content=\"Grupo de Estudos O Legado de Allan Kardec\" \/>\n<meta property=\"article:modified_time\" content=\"2026-04-24T21:06:30+00:00\" \/>\n<meta property=\"og:image\" content=\"https:\/\/www.geolegadodeallankardec.com.br\/wp-content\/uploads\/2024\/03\/grupo-de-estudos-o-legado-de-allan-kardec.jpg\" \/>\n\t<meta property=\"og:image:width\" content=\"1200\" \/>\n\t<meta property=\"og:image:height\" content=\"675\" \/>\n\t<meta property=\"og:image:type\" content=\"image\/jpeg\" \/>\n<meta name=\"twitter:card\" content=\"summary_large_image\" \/>\n<meta name=\"twitter:label1\" content=\"Est. reading time\" \/>\n\t<meta name=\"twitter:data1\" content=\"3 minutes\" \/>\n<script type=\"application\/ld+json\" class=\"yoast-schema-graph\">{\"@context\":\"https:\\\/\\\/schema.org\",\"@graph\":[{\"@type\":\"WebPage\",\"@id\":\"https:\\\/\\\/www.geolegadodeallankardec.com.br\\\/\",\"url\":\"https:\\\/\\\/www.geolegadodeallankardec.com.br\\\/\",\"name\":\"Grupo de Estudos O Legado de Allan Kardec - Grupo de Estudos O Legado de Allan Kardec\",\"isPartOf\":{\"@id\":\"https:\\\/\\\/www.geolegadodeallankardec.com.br\\\/es\\\/#website\"},\"primaryImageOfPage\":{\"@id\":\"https:\\\/\\\/www.geolegadodeallankardec.com.br\\\/#primaryimage\"},\"image\":{\"@id\":\"https:\\\/\\\/www.geolegadodeallankardec.com.br\\\/#primaryimage\"},\"thumbnailUrl\":\"https:\\\/\\\/www.geolegadodeallankardec.com.br\\\/wp-content\\\/uploads\\\/2024\\\/03\\\/grupo-de-estudos-o-legado-de-allan-kardec.jpg\",\"datePublished\":\"2021-08-23T22:14:59+00:00\",\"dateModified\":\"2026-04-24T21:06:30+00:00\",\"description\":\"Allan Kardec fez muito pelo Espiritismo, mas a Doutrina foi esquecida ap\u00f3s sua morte. Nosso prop\u00f3sito \u00e9 fazer parte da recupera\u00e7\u00e3o.\",\"breadcrumb\":{\"@id\":\"https:\\\/\\\/www.geolegadodeallankardec.com.br\\\/#breadcrumb\"},\"inLanguage\":\"en-US\",\"potentialAction\":[{\"@type\":\"ReadAction\",\"target\":[\"https:\\\/\\\/www.geolegadodeallankardec.com.br\\\/\"]}]},{\"@type\":\"ImageObject\",\"inLanguage\":\"en-US\",\"@id\":\"https:\\\/\\\/www.geolegadodeallankardec.com.br\\\/#primaryimage\",\"url\":\"https:\\\/\\\/www.geolegadodeallankardec.com.br\\\/wp-content\\\/uploads\\\/2024\\\/03\\\/grupo-de-estudos-o-legado-de-allan-kardec.jpg\",\"contentUrl\":\"https:\\\/\\\/www.geolegadodeallankardec.com.br\\\/wp-content\\\/uploads\\\/2024\\\/03\\\/grupo-de-estudos-o-legado-de-allan-kardec.jpg\",\"width\":1200,\"height\":675},{\"@type\":\"BreadcrumbList\",\"@id\":\"https:\\\/\\\/www.geolegadodeallankardec.com.br\\\/#breadcrumb\",\"itemListElement\":[{\"@type\":\"ListItem\",\"position\":1,\"name\":\"In\u00edcio\",\"item\":\"https:\\\/\\\/www.geolegadodeallankardec.com.br\\\/\"},{\"@type\":\"ListItem\",\"position\":2,\"name\":\"Grupo de Estudos O Legado de Allan Kardec\"}]},{\"@type\":\"WebSite\",\"@id\":\"https:\\\/\\\/www.geolegadodeallankardec.com.br\\\/es\\\/#website\",\"url\":\"https:\\\/\\\/www.geolegadodeallankardec.com.br\\\/es\\\/\",\"name\":\"Grupo de Estudos O Legado de Allan Kardec\",\"description\":\"Grupo de Estudos voltado ao aprofundamento do estudo do Espiritismo\",\"potentialAction\":[{\"@type\":\"SearchAction\",\"target\":{\"@type\":\"EntryPoint\",\"urlTemplate\":\"https:\\\/\\\/www.geolegadodeallankardec.com.br\\\/es\\\/?s={search_term_string}\"},\"query-input\":{\"@type\":\"PropertyValueSpecification\",\"valueRequired\":true,\"valueName\":\"search_term_string\"}}],\"inLanguage\":\"en-US\"}]}<\/script>\n<!-- \/ Yoast SEO Premium plugin. -->","yoast_head_json":{"title":"Study Group The Legacy of Allan Kardec - Study Group The Legacy of Allan Kardec","description":"Allan Kardec did a lot for Spiritism, but the Doctrine was forgotten after his death. Our purpose is to be part of the recovery.","robots":{"index":"index","follow":"follow","max-snippet":"max-snippet:-1","max-image-preview":"max-image-preview:large","max-video-preview":"max-video-preview:-1"},"canonical":"https:\/\/www.geolegadodeallankardec.com.br\/en\/","og_locale":"en_US","og_type":"article","og_title":"Grupo de Estudos O Legado de Allan Kardec","og_description":"Allan Kardec fez muito pelo Espiritismo, mas a Doutrina foi esquecida ap\u00f3s sua morte. Nosso prop\u00f3sito \u00e9 fazer parte da recupera\u00e7\u00e3o.","og_url":"https:\/\/www.geolegadodeallankardec.com.br\/en\/","og_site_name":"Grupo de Estudos O Legado de Allan Kardec","article_modified_time":"2026-04-24T21:06:30+00:00","og_image":[{"width":1200,"height":675,"url":"https:\/\/www.geolegadodeallankardec.com.br\/wp-content\/uploads\/2024\/03\/grupo-de-estudos-o-legado-de-allan-kardec.jpg","type":"image\/jpeg"}],"twitter_card":"summary_large_image","twitter_misc":{"Est. reading time":"3 minutes"},"schema":{"@context":"https:\/\/schema.org","@graph":[{"@type":"WebPage","@id":"https:\/\/www.geolegadodeallankardec.com.br\/","url":"https:\/\/www.geolegadodeallankardec.com.br\/","name":"Study Group The Legacy of Allan Kardec - Study Group The Legacy of Allan Kardec","isPartOf":{"@id":"https:\/\/www.geolegadodeallankardec.com.br\/es\/#website"},"primaryImageOfPage":{"@id":"https:\/\/www.geolegadodeallankardec.com.br\/#primaryimage"},"image":{"@id":"https:\/\/www.geolegadodeallankardec.com.br\/#primaryimage"},"thumbnailUrl":"https:\/\/www.geolegadodeallankardec.com.br\/wp-content\/uploads\/2024\/03\/grupo-de-estudos-o-legado-de-allan-kardec.jpg","datePublished":"2021-08-23T22:14:59+00:00","dateModified":"2026-04-24T21:06:30+00:00","description":"Allan Kardec did a lot for Spiritism, but the Doctrine was forgotten after his death. Our purpose is to be part of the recovery.","breadcrumb":{"@id":"https:\/\/www.geolegadodeallankardec.com.br\/#breadcrumb"},"inLanguage":"en-US","potentialAction":[{"@type":"ReadAction","target":["https:\/\/www.geolegadodeallankardec.com.br\/"]}]},{"@type":"ImageObject","inLanguage":"en-US","@id":"https:\/\/www.geolegadodeallankardec.com.br\/#primaryimage","url":"https:\/\/www.geolegadodeallankardec.com.br\/wp-content\/uploads\/2024\/03\/grupo-de-estudos-o-legado-de-allan-kardec.jpg","contentUrl":"https:\/\/www.geolegadodeallankardec.com.br\/wp-content\/uploads\/2024\/03\/grupo-de-estudos-o-legado-de-allan-kardec.jpg","width":1200,"height":675},{"@type":"BreadcrumbList","@id":"https:\/\/www.geolegadodeallankardec.com.br\/#breadcrumb","itemListElement":[{"@type":"ListItem","position":1,"name":"In\u00edcio","item":"https:\/\/www.geolegadodeallankardec.com.br\/"},{"@type":"ListItem","position":2,"name":"Grupo de Estudos O Legado de Allan Kardec"}]},{"@type":"WebSite","@id":"https:\/\/www.geolegadodeallankardec.com.br\/es\/#website","url":"https:\/\/www.geolegadodeallankardec.com.br\/es\/","name":"Study Group The Legacy of Allan Kardec","description":"Study Group aimed at deepening the study of Spiritism","potentialAction":[{"@type":"SearchAction","target":{"@type":"EntryPoint","urlTemplate":"https:\/\/www.geolegadodeallankardec.com.br\/es\/?s={search_term_string}"},"query-input":{"@type":"PropertyValueSpecification","valueRequired":true,"valueName":"search_term_string"}}],"inLanguage":"en-US"}]}},"_links":{"self":[{"href":"https:\/\/www.geolegadodeallankardec.com.br\/en\/wp-json\/wp\/v2\/pages\/68","targetHints":{"allow":["GET"]}}],"collection":[{"href":"https:\/\/www.geolegadodeallankardec.com.br\/en\/wp-json\/wp\/v2\/pages"}],"about":[{"href":"https:\/\/www.geolegadodeallankardec.com.br\/en\/wp-json\/wp\/v2\/types\/page"}],"author":[{"embeddable":true,"href":"https:\/\/www.geolegadodeallankardec.com.br\/en\/wp-json\/wp\/v2\/users\/34"}],"replies":[{"embeddable":true,"href":"https:\/\/www.geolegadodeallankardec.com.br\/en\/wp-json\/wp\/v2\/comments?post=68"}],"version-history":[{"count":247,"href":"https:\/\/www.geolegadodeallankardec.com.br\/en\/wp-json\/wp\/v2\/pages\/68\/revisions"}],"predecessor-version":[{"id":9315,"href":"https:\/\/www.geolegadodeallankardec.com.br\/en\/wp-json\/wp\/v2\/pages\/68\/revisions\/9315"}],"wp:featuredmedia":[{"embeddable":true,"href":"https:\/\/www.geolegadodeallankardec.com.br\/en\/wp-json\/wp\/v2\/media\/8447"}],"wp:attachment":[{"href":"https:\/\/www.geolegadodeallankardec.com.br\/en\/wp-json\/wp\/v2\/media?parent=68"}],"curies":[{"name":"wp","href":"https:\/\/api.w.org\/{rel}","templated":true}]}}